{"id":3029,"date":"2024-06-25T17:16:44","date_gmt":"2024-06-25T15:16:44","guid":{"rendered":"https:\/\/cote-ivoire.diplomatie.gov.bf\/?page_id=3029"},"modified":"2024-08-28T00:27:28","modified_gmt":"2024-08-27T22:27:28","slug":"lambassade","status":"publish","type":"page","link":"https:\/\/cote-ivoire.diplomatie.gov.bf\/index.php\/lambassade\/","title":{"rendered":"L\u2019Ambassade"},"content":{"rendered":"\t\t<div data-elementor-type=\"wp-page\" data-elementor-id=\"3029\" class=\"elementor elementor-3029\" data-elementor-post-type=\"page\">\n\t\t\t\t<div data-particle_enable=\"false\" data-particle-mobile-disabled=\"false\" class=\"elementor-element elementor-element-1118693 e-flex e-con-boxed e-con e-parent\" data-id=\"1118693\" data-element_type=\"container\" data-e-type=\"container\" data-settings=\"{&quot;background_background&quot;:&quot;classic&quot;}\">\n\t\t\t\t\t<div class=\"e-con-inner\">\n\t\t<div data-particle_enable=\"false\" data-particle-mobile-disabled=\"false\" class=\"elementor-element elementor-element-02acb59 e-con-full e-flex e-con e-child\" data-id=\"02acb59\" data-element_type=\"container\" data-e-type=\"container\">\n\t\t\t\t<div class=\"elementor-element elementor-element-5bd8cc9 elementor-widget elementor-widget-image\" data-id=\"5bd8cc9\" data-element_type=\"widget\" data-e-type=\"widget\" data-widget_type=\"image.default\">\n\t\t\t\t<div class=\"elementor-widget-container\">\n\t\t\t\t\t\t\t\t\t\t\t\t<figure class=\"wp-caption\">\n\t\t\t\t\t\t\t\t\t\t\t<a href=\"https:\/\/cote-ivoire.diplomatie.gov.bf\/wp-content\/uploads\/sites\/4\/2024\/06\/421695176_698747965775561_7434540298835394001_n.jpg\" data-elementor-open-lightbox=\"yes\" data-elementor-lightbox-title=\"421695176_698747965775561_7434540298835394001_n\" data-e-action-hash=\"#elementor-action%3Aaction%3Dlightbox%26settings%3DeyJpZCI6IjQ0NjYiLCJ1cmwiOiJodHRwczpcL1wvY290ZS1pdm9pcmUuZGlwbG9tYXRpZS5nb3YuYmZcL3dwLWNvbnRlbnRcL3VwbG9hZHNcL3NpdGVzXC80XC8yMDI0XC8wNlwvNDIxNjk1MTc2XzY5ODc0Nzk2NTc3NTU2MV83NDM0NTQwMjk4ODM1Mzk0MDAxX24uanBnIn0%3D\">\n\t\t\t\t\t\t\t<img fetchpriority=\"high\" decoding=\"async\" width=\"640\" height=\"452\" src=\"https:\/\/cote-ivoire.diplomatie.gov.bf\/wp-content\/uploads\/sites\/4\/2024\/06\/421695176_698747965775561_7434540298835394001_n.jpg\" class=\"attachment-large size-large wp-image-4466\" alt=\"\" \/>\t\t\t\t\t\t\t\t<\/a>\n\t\t\t\t\t\t\t\t\t\t\t<figcaption class=\"widget-image-caption wp-caption-text\">Ambassade, Repr\u00e9sentation Permanente du Burkina Faso en R\u00e9publique de C\u00f4te d\u2019Ivoire<\/figcaption>\n\t\t\t\t\t\t\t\t\t\t<\/figure>\n\t\t\t\t\t\t\t\t\t<\/div>\n\t\t\t\t<\/div>\n\t\t\t\t<\/div>\n\t\t<div data-particle_enable=\"false\" data-particle-mobile-disabled=\"false\" class=\"elementor-element elementor-element-32a00ed e-con-full e-flex e-con e-child\" data-id=\"32a00ed\" data-element_type=\"container\" data-e-type=\"container\">\n\t\t\t\t<div class=\"elementor-element elementor-element-4466885 elementor-widget elementor-widget-text-editor\" data-id=\"4466885\" data-element_type=\"widget\" data-e-type=\"widget\" data-widget_type=\"text-editor.default\">\n\t\t\t\t<div class=\"elementor-widget-container\">\n\t\t\t\t\t\t\t\t\t<p><strong>L\u2019Ambassade, Repr\u00e9sentation permanente du Burkina Faso en R\u00e9publique de C\u00f4te d\u2019Ivoire, ouverte en 1960<\/strong>, est l\u2019une des premi\u00e8res missions diplomatiques du pays \u00e0 l\u2019ext\u00e9rieur. Elle constitue \u00e9galement l\u2019une des plus importantes car ayant sous sa coupe trois Consulats g\u00e9n\u00e9raux, \u00e0 savoir le Consulat \u00e0 Abidjan, le Consulat g\u00e9n\u00e9ral \u00e0 Bouak\u00e9 et le consulat g\u00e9n\u00e9ral \u00e0 Soubr\u00e9 ouverts respectivement en 1960, 1972 et 2019. Elle couvre en outre, la r\u00e9publique du Lib\u00e9ria et celle de la Sierra Leone. Depuis sa cr\u00e9ation, plusieurs ambassadeurs se sont succ\u00e9d\u00e9 \u00e0 sa t\u00eate dont <strong>le premier fut SEM Nacuzon NIGNAN<\/strong> (1960-1962). Il est suivi des Ambassadeurs suivants\u00a0:<\/p><ul><li><em><strong>SEM Karim TASSEMBEDO (1962-1966)\u00a0;<\/strong><\/em><\/li><li><em><strong>SEM Moussa TOURE (1966-1974)\u00a0;<\/strong><\/em><\/li><li><em><strong>SEM Michel COMPAORE (1974-1976)\u00a0;<\/strong><\/em><\/li><li><em><strong>SEM Jean-Baptiste COMPAORE (1976-1981)\u00a0;<\/strong><\/em><\/li><li><em><strong>SEM Jean-Baptiste ILBOUDO (1981-1984)\u00a0;<\/strong><\/em><\/li><li><em><strong>SEM A. Fr\u00e9d\u00e9ric KORSAGA (1984-1986)\u00a0;<\/strong><\/em><\/li><li><em><strong>SEM Y\u00e9ro BOLY (1986-1988)\u00a0;<\/strong><\/em><\/li><li><em><strong>SEM Bernard NABARE (1988-1990)\u00a0;<\/strong><\/em><\/li><li><em><strong>SEM L\u00e9andre B. BASSOLE (1991-1995)\u00a0;<\/strong><\/em><\/li><li><em><strong>SEM Emile ILBOUDO (1995-2011)\u00a0;<\/strong><\/em><\/li><li><em><strong>SEM Justin KOUTABA (2011-2015)\u00a0;<\/strong><\/em><\/li><li><em><strong>SEM Mahamadou ZONGO (2016-2022).<\/strong><\/em><\/li><\/ul><p>A ce jour l\u2019Ambassade est dirig\u00e9 par <strong>M. Di\u00e9 MILLOGO<\/strong>, Ministre Conseiller, en qualit\u00e9 de <strong>Charg\u00e9 d\u2019Affaires a.i<\/strong>.<\/p>\t\t\t\t\t\t\t\t<\/div>\n\t\t\t\t<\/div>\n\t\t\t\t<\/div>\n\t\t\t\t\t<\/div>\n\t\t\t\t<\/div>\n\t\t<div data-particle_enable=\"false\" data-particle-mobile-disabled=\"false\" class=\"elementor-element elementor-element-3d7e291 e-flex e-con-boxed e-con e-parent\" data-id=\"3d7e291\" data-element_type=\"container\" data-e-type=\"container\" data-settings=\"{&quot;background_background&quot;:&quot;classic&quot;,&quot;background_motion_fx_motion_fx_scrolling&quot;:&quot;yes&quot;,&quot;background_motion_fx_translateY_effect&quot;:&quot;yes&quot;,&quot;shape_divider_top&quot;:&quot;triangle-asymmetrical&quot;,&quot;shape_divider_bottom&quot;:&quot;wave-brush&quot;,&quot;background_motion_fx_translateY_speed&quot;:{&quot;unit&quot;:&quot;px&quot;,&quot;size&quot;:4,&quot;sizes&quot;:[]},&quot;background_motion_fx_translateY_affectedRange&quot;:{&quot;unit&quot;:&quot;%&quot;,&quot;size&quot;:&quot;&quot;,&quot;sizes&quot;:{&quot;start&quot;:0,&quot;end&quot;:100}},&quot;background_motion_fx_devices&quot;:[&quot;desktop&quot;,&quot;tablet&quot;,&quot;mobile&quot;]}\">\n\t\t\t\t\t<div class=\"e-con-inner\">\n\t\t\t\t<div class=\"elementor-shape elementor-shape-top\" aria-hidden=\"true\" data-negative=\"false\">\n\t\t\t<svg xmlns=\"http:\/\/www.w3.org\/2000\/svg\" viewBox=\"0 0 1000 100\" preserveAspectRatio=\"none\">\n\t<path class=\"elementor-shape-fill\" d=\"M738,99l262-93V0H0v5.6L738,99z\"\/>\n<\/svg>\t\t<\/div>\n\t\t\t\t<div class=\"elementor-shape elementor-shape-bottom\" aria-hidden=\"true\" data-negative=\"false\">\n\t\t\t<svg xmlns=\"http:\/\/www.w3.org\/2000\/svg\" viewBox=\"0 0 283.5 27.8\" preserveAspectRatio=\"none\">\n\t<path class=\"elementor-shape-fill\" d=\"M283.5,9.7c0,0-7.3,4.3-14,4.6c-6.8,0.3-12.6,0-20.9-1.5c-11.3-2-33.1-10.1-44.7-5.7\ts-12.1,4.6-18,7.4c-6.6,3.2-20,9.6-36.6,9.3C131.6,23.5,99.5,7.2,86.3,8c-1.4,0.1-6.6,0.8-10.5,2c-3.8,1.2-9.4,3.8-17,4.7\tc-3.2,0.4-8.3,1.1-14.2,0.9c-1.5-0.1-6.3-0.4-12-1.6c-5.7-1.2-11-3.1-15.8-3.7C6.5,9.2,0,10.8,0,10.8V0h283.5V9.7z M260.8,11.3\tc-0.7-1-2-0.4-4.3-0.4c-2.3,0-6.1-1.2-5.8-1.1c0.3,0.1,3.1,1.5,6,1.9C259.7,12.2,261.4,12.3,260.8,11.3z M242.4,8.6\tc0,0-2.4-0.2-5.6-0.9c-3.2-0.8-10.3-2.8-15.1-3.5c-8.2-1.1-15.8,0-15.1,0.1c0.8,0.1,9.6-0.6,17.6,1.1c3.3,0.7,9.3,2.2,12.4,2.7\tC239.9,8.7,242.4,8.6,242.4,8.6z M185.2,8.5c1.7-0.7-13.3,4.7-18.5,6.1c-2.1,0.6-6.2,1.6-10,2c-3.9,0.4-8.9,0.4-8.8,0.5\tc0,0.2,5.8,0.8,11.2,0c5.4-0.8,5.2-1.1,7.6-1.6C170.5,14.7,183.5,9.2,185.2,8.5z M199.1,6.9c0.2,0-0.8-0.4-4.8,1.1\tc-4,1.5-6.7,3.5-6.9,3.7c-0.2,0.1,3.5-1.8,6.6-3C197,7.5,199,6.9,199.1,6.9z M283,6c-0.1,0.1-1.9,1.1-4.8,2.5s-6.9,2.8-6.7,2.7\tc0.2,0,3.5-0.6,7.4-2.5C282.8,6.8,283.1,5.9,283,6z M31.3,11.6c0.1-0.2-1.9-0.2-4.5-1.2s-5.4-1.6-7.8-2C15,7.6,7.3,8.5,7.7,8.6\tC8,8.7,15.9,8.3,20.2,9.3c2.2,0.5,2.4,0.5,5.7,1.6S31.2,11.9,31.3,11.6z M73,9.2c0.4-0.1,3.5-1.6,8.4-2.6c4.9-1.1,8.9-0.5,8.9-0.8\tc0-0.3-1-0.9-6.2-0.3S72.6,9.3,73,9.2z M71.6,6.7C71.8,6.8,75,5.4,77.3,5c2.3-0.3,1.9-0.5,1.9-0.6c0-0.1-1.1-0.2-2.7,0.2\tC74.8,5.1,71.4,6.6,71.6,6.7z M93.6,4.4c0.1,0.2,3.5,0.8,5.6,1.8c2.1,1,1.8,0.6,1.9,0.5c0.1-0.1-0.8-0.8-2.4-1.3\tC97.1,4.8,93.5,4.2,93.6,4.4z M65.4,11.1c-0.1,0.3,0.3,0.5,1.9-0.2s2.6-1.3,2.2-1.2s-0.9,0.4-2.5,0.8C65.3,10.9,65.5,10.8,65.4,11.1\tz M34.5,12.4c-0.2,0,2.1,0.8,3.3,0.9c1.2,0.1,2,0.1,2-0.2c0-0.3-0.1-0.5-1.6-0.4C36.6,12.8,34.7,12.4,34.5,12.4z M152.2,21.1\tc-0.1,0.1-2.4-0.3-7.5-0.3c-5,0-13.6-2.4-17.2-3.5c-3.6-1.1,10,3.9,16.5,4.1C150.5,21.6,152.3,21,152.2,21.1z\"\/>\n\t<path class=\"elementor-shape-fill\" d=\"M269.6,18c-0.1-0.1-4.6,0.3-7.2,0c-7.3-0.7-17-3.2-16.6-2.9c0.4,0.3,13.7,3.1,17,3.3\tC267.7,18.8,269.7,18,269.6,18z\"\/>\n\t<path class=\"elementor-shape-fill\" d=\"M227.4,9.8c-0.2-0.1-4.5-1-9.5-1.2c-5-0.2-12.7,0.6-12.3,0.5c0.3-0.1,5.9-1.8,13.3-1.2\tS227.6,9.9,227.4,9.8z\"\/>\n\t<path class=\"elementor-shape-fill\" d=\"M204.5,13.4c-0.1-0.1,2-1,3.2-1.1c1.2-0.1,2,0,2,0.3c0,0.3-0.1,0.5-1.6,0.4\tC206.4,12.9,204.6,13.5,204.5,13.4z\"\/>\n\t<path class=\"elementor-shape-fill\" d=\"M201,10.6c0-0.1-4.4,1.2-6.3,2.2c-1.9,0.9-6.2,3.1-6.1,3.1c0.1,0.1,4.2-1.6,6.3-2.6\tS201,10.7,201,10.6z\"\/>\n\t<path class=\"elementor-shape-fill\" d=\"M154.5,26.7c-0.1-0.1-4.6,0.3-7.2,0c-7.3-0.7-17-3.2-16.6-2.9c0.4,0.3,13.7,3.1,17,3.3\tC152.6,27.5,154.6,26.8,154.5,26.7z\"\/>\n\t<path class=\"elementor-shape-fill\" d=\"M41.9,19.3c0,0,1.2-0.3,2.9-0.1c1.7,0.2,5.8,0.9,8.2,0.7c4.2-0.4,7.4-2.7,7-2.6\tc-0.4,0-4.3,2.2-8.6,1.9c-1.8-0.1-5.1-0.5-6.7-0.4S41.9,19.3,41.9,19.3z\"\/>\n\t<path class=\"elementor-shape-fill\" d=\"M75.5,12.6c0.2,0.1,2-0.8,4.3-1.1c2.3-0.2,2.1-0.3,2.1-0.5c0-0.1-1.8-0.4-3.4,0\tC76.9,11.5,75.3,12.5,75.5,12.6z\"\/>\n\t<path class=\"elementor-shape-fill\" d=\"M15.6,13.2c0-0.1,4.3,0,6.7,0.5c2.4,0.5,5,1.9,5,2c0,0.1-2.7-0.8-5.1-1.4\tC19.9,13.7,15.7,13.3,15.6,13.2z\"\/>\n<\/svg>\t\t<\/div>\n\t\t\t\t<div class=\"elementor-element elementor-element-7cf6958 eael-divider-center elementor-widget elementor-widget-eael-divider\" data-id=\"7cf6958\" data-element_type=\"widget\" data-e-type=\"widget\" data-widget_type=\"eael-divider.default\">\n\t\t\t\t<div class=\"elementor-widget-container\">\n\t\t\t\t\t\t\t<div class=\"eael-divider-wrap divider-direction-horizontal\">\n\t\t\t\t\t\t\t<div class=\"divider-text-container\">\n\t\t\t\t\t<div class=\"divider-text-wrap\">\n\t\t\t\t\t\t\t\t\t\t\t\t\t<span class=\"divider-border-wrap divider-border-left\">\n\t\t\t\t\t\t\t\t<span class=\"divider-border\"><\/span>\n\t\t\t\t\t\t\t<\/span>\n\t\t\t\t\t\t\t\t\t\t\t\t<span class=\"eael-divider-content\">\n\t\t\t\t\t\t\t\t\t\t\t\t\t\t\t<span class=\"eael-divider-icon\">\n\t\t\t\t\t\t\t\t\t\t\t\t\t\t\t\t\t\t\t<svg aria-hidden=\"false\" class=\"e-font-icon-svg e-fas-star\" viewBox=\"0 0 576 512\" xmlns=\"http:\/\/www.w3.org\/2000\/svg\"><path d=\"M259.3 17.8L194 150.2 47.9 171.5c-26.2 3.8-36.7 36.1-17.7 54.6l105.7 103-25 145.5c-4.5 26.3 23.2 46 46.4 33.7L288 439.6l130.7 68.7c23.2 12.2 50.9-7.4 46.4-33.7l-25-145.5 105.7-103c19-18.5 8.5-50.8-17.7-54.6L382 150.2 316.7 17.8c-11.7-23.6-45.6-23.9-57.4 0z\"><\/path><\/svg>\t\t\t\t\t\t\t\t\t\t\t\t\t\t\t\t\t<\/span>\n\t\t\t\t\t\t\t\t\t\t\t\t\t<\/span>\n\t\t\t\t\t\t\t\t\t\t\t\t\t<span class=\"divider-border-wrap divider-border-right\">\n\t\t\t\t\t\t\t\t<span class=\"divider-border\"><\/span>\n\t\t\t\t\t\t\t<\/span>\n\t\t\t\t\t\t\t\t\t\t\t<\/div>\n\t\t\t\t<\/div>\n\t\t\t\t\t<\/div>\n\t\t\t\t<\/div>\n\t\t\t\t<\/div>\n\t\t\t\t<div class=\"elementor-element elementor-element-6150f26 elementor-widget-divider--view-line_text elementor-widget-divider--element-align-center elementor-widget elementor-widget-divider\" data-id=\"6150f26\" data-element_type=\"widget\" data-e-type=\"widget\" data-widget_type=\"divider.default\">\n\t\t\t\t<div class=\"elementor-widget-container\">\n\t\t\t\t\t\t\t<div class=\"elementor-divider\">\n\t\t\t<span class=\"elementor-divider-separator\">\n\t\t\t\t\t\t\t<span class=\"elementor-divider__text elementor-divider__element\">\n\t\t\t\tMissions et services de l'ambassade\t\t\t\t<\/span>\n\t\t\t\t\t\t<\/span>\n\t\t<\/div>\n\t\t\t\t\t\t<\/div>\n\t\t\t\t<\/div>\n\t\t\t\t<div class=\"elementor-element elementor-element-676a9d4 elementor-widget elementor-widget-eael-adv-tabs\" data-id=\"676a9d4\" data-element_type=\"widget\" data-e-type=\"widget\" data-widget_type=\"eael-adv-tabs.default\">\n\t\t\t\t<div class=\"elementor-widget-container\">\n\t\t\t\t\t        <div data-scroll-on-click=\"no\" data-scroll-speed=\"300\" id=\"eael-advance-tabs-676a9d4\" class=\"eael-advance-tabs eael-tabs-vertical eael-tab-auto-active \" data-tabid=\"676a9d4\">\n            <div class=\"eael-tabs-nav \">\n                <ul class=\"eael-tab-inline-icon\" role=\"tablist\">\n                                            <li id=\"les-missions\" class=\"inactive eael-tab-item-trigger eael-tab-nav-item\" aria-selected=\"true\" data-tab=\"1\" role=\"tab\" tabindex=\"0\" aria-controls=\"les-missions-tab\" aria-expanded=\"false\">\n                            \n                                                                <svg class=\"e-font-icon-svg e-far-object-group\" viewBox=\"0 0 512 512\" xmlns=\"http:\/\/www.w3.org\/2000\/svg\"><path d=\"M500 128c6.627 0 12-5.373 12-12V44c0-6.627-5.373-12-12-12h-72c-6.627 0-12 5.373-12 12v12H96V44c0-6.627-5.373-12-12-12H12C5.373 32 0 37.373 0 44v72c0 6.627 5.373 12 12 12h12v256H12c-6.627 0-12 5.373-12 12v72c0 6.627 5.373 12 12 12h72c6.627 0 12-5.373 12-12v-12h320v12c0 6.627 5.373 12 12 12h72c6.627 0 12-5.373 12-12v-72c0-6.627-5.373-12-12-12h-12V128h12zm-52-64h32v32h-32V64zM32 64h32v32H32V64zm32 384H32v-32h32v32zm416 0h-32v-32h32v32zm-40-64h-12c-6.627 0-12 5.373-12 12v12H96v-12c0-6.627-5.373-12-12-12H72V128h12c6.627 0 12-5.373 12-12v-12h320v12c0 6.627 5.373 12 12 12h12v256zm-36-192h-84v-52c0-6.628-5.373-12-12-12H108c-6.627 0-12 5.372-12 12v168c0 6.628 5.373 12 12 12h84v52c0 6.628 5.373 12 12 12h200c6.627 0 12-5.372 12-12V204c0-6.628-5.373-12-12-12zm-268-24h144v112H136V168zm240 176H232v-24h76c6.627 0 12-5.372 12-12v-76h56v112z\"><\/path><\/svg>                                                            \n                                                            <span class=\"eael-tab-title title-after-icon\" >Les missions<\/span>                            \n                                                    <\/li>\n                                            <li id=\"les-services\" class=\"inactive eael-tab-item-trigger eael-tab-nav-item\" aria-selected=\"false\" data-tab=\"2\" role=\"tab\" tabindex=\"-1\" aria-controls=\"les-services-tab\" aria-expanded=\"false\">\n                            \n                                                                <svg class=\"e-font-icon-svg e-fab-servicestack\" viewBox=\"0 0 496 512\" xmlns=\"http:\/\/www.w3.org\/2000\/svg\"><path d=\"M88 216c81.7 10.2 273.7 102.3 304 232H0c99.5-8.1 184.5-137 88-232zm32-152c32.3 35.6 47.7 83.9 46.4 133.6C249.3 231.3 373.7 321.3 400 448h96C455.3 231.9 222.8 79.5 120 64z\"><\/path><\/svg>                                                            \n                                                            <span class=\"eael-tab-title title-after-icon\" >Les services<\/span>                            \n                                                    <\/li>\n                    \n                                  <\/ul>\n            <\/div>\n            \n            <div class=\"eael-tabs-content\">\n\t\t        \n                    <div id=\"les-missions-tab\" class=\"clearfix eael-tab-content-item inactive\" data-title-link=\"les-missions-tab\">\n\t\t\t\t        <p>Les missions assign\u00e9es \u00e0 l&rsquo;ambassade sont:<\/p>                    <\/div>\n\t\t        \n                    <div id=\"les-services-tab\" class=\"clearfix eael-tab-content-item inactive\" data-title-link=\"les-services-tab\">\n\t\t\t\t        <h3><strong>ORGANISATION DE L\u2019AMBASSADE<\/strong><\/h3><p>Par d\u00e9cision N\u00b02017-015\/RP\/BFA\/CMD\/CAB du 20 juin 2017, l\u2019Ambassade s\u2019organise comme suit\u00a0:<\/p><ul><li><h4><strong>L\u2019Ambassadeur, Chef de Mission<\/strong><\/h4><\/li><\/ul><p>L\u2019Ambassadeur est le Chef de Mission Diplomatique. Il est repr\u00e9sentant personnel du Pr\u00e9sident du Faso aupr\u00e8s de la R\u00e9publique de C\u00f4te d\u2019Ivoire, de la R\u00e9publique du Lib\u00e9ria et de la r\u00e9publique de la Sierra Leone. A ce titre, il assure la mise en \u0153uvre de la politique \u00e9trang\u00e8re du Burkina Faso dans la juridiction de l\u2019Ambassade conform\u00e9ment \u00e0 sa lettre de mission. Aussi d\u00e9finit-il l\u2019orientation g\u00e9n\u00e9rale des activit\u00e9s de l\u2019Ambassade et a la responsabilit\u00e9 du fonctionnement harmonieux des diff\u00e9rents services plac\u00e9s sous son autorit\u00e9. Par ailleurs, m\u2019Ambassadeur exerce une autorit\u00e9 administrative et politique sur les consuls g\u00e9n\u00e9raux et les consuls honoraires de la juridiction.<\/p><ul><li><h4><strong>Le Secr\u00e9tariat particulier<\/strong><\/h4><\/li><\/ul><p>Le\/la Secr\u00e9taire particulier(\u00e8re) est charg\u00e9 de l\u2019organisation et de la gestion du secr\u00e9tariat de l\u2019Ambassadeur. Le Secr\u00e9tariat particulier est dirig\u00e9 par un secr\u00e9taire de direction.<\/p><p>Le\/la secr\u00e9taire particulier(\u00e8re) est<\/p><ul><li>Responsable de la t\u00e9l\u00e9copie, du courrier confidentiel et r\u00e9serv\u00e9\u00a0;<\/li><li>Re\u00e7oit, centralise les demandes d\u2019audiences, les invitations qu\u2019il\/elle organise et g\u00e8re en coop\u00e9ration avec le Service Protocole.<\/li><\/ul><p>\u00a0<\/p><ul><li><h4><strong>Les Service des Affaires Politiques<\/strong><\/h4><\/li><\/ul><p>Les Service des Affaires Politiques est anim\u00e9 par un Conseiller du cadre diplomatique et consulaire le plus ancien dans le grade plus \u00e9lev\u00e9. Il est assist\u00e9 des autres personnels du cadre diplomatique et consulaire. Le responsable du Service des Affaires Politiques est, \u00e0 ce titre, le collaborateur imm\u00e9diat de l\u2019Ambassadeur.<\/p><p>Le Service des Affaires Politiques est charg\u00e9 de\u00a0:<\/p><ul><li>Assister l\u2019Ambassadeur, ans la mise en \u0153uvre de la politique \u00e9trang\u00e8re du Burkina Faso en R\u00e9publique de C\u00f4te d\u2019Ivoire, du Lib\u00e9ria et de la Sierra L\u00e9one\u00a0;<\/li><li>Suivre les questions \u00e0 caract\u00e8re politique et diplomatique, notamment celles ayant trait aux relations entre les pays accr\u00e9ditaires et le Burkina Faso\u00a0;<\/li><li>Assurer la gestion administrative du personnel en coop\u00e9ration avec le Service de la Tr\u00e9sorerie\u00a0;<\/li><li>Assister l\u2019Ambassadeur dans ses fonctions de repr\u00e9sentation, de n\u00e9gociation, d\u2019information, de promotion et de protection des int\u00e9r\u00eats du Burkina Faso\u00a0;<\/li><li>Assurer la r\u00e9daction des projets de discours de l\u2019Ambassadeur\u00a0;<\/li><li>Elaborer en coordination avec les autres services, les projets de programmes et de rapports d\u2019activit\u00e9s p\u00e9riodiques\u00a0;<\/li><li>Assurer le contr\u00f4le du d\u00e9pouillement et de la confection de la valise diplomatique \u00e0 l\u2019arriv\u00e9e comme au d\u00e9part.<\/li><\/ul><h4>\u00a0<\/h4><ul><li><h4><strong>La Mission Militaire<\/strong><\/h4><\/li><\/ul><p>La Mission Militaire est dirig\u00e9e par l\u2019Attach\u00e9 de D\u00e9fense. Il a sous son autorit\u00e9 l\u2019ensemble des personnels de la Mission Militaire. Il assure la gestion desdits personnels.<\/p><p>Accr\u00e9dit\u00e9 aupr\u00e8s de la R\u00e9publique de C\u00f4te d\u2019Ivoire, l\u2019Attach\u00e9 de D\u00e9fense est charg\u00e9 entre autres de\u00a0:<\/p><ul><li>Soutenir et de justifier la politique de d\u00e9fense du Burkina Faso\u00a0;<\/li><li>Traiter et de suivre les dossiers de coop\u00e9ration en mati\u00e8re de d\u00e9fense et de s\u00e9curit\u00e9 avec la R\u00e9publique de C\u00f4te d\u2019Ivoire\u00a0;<\/li><li>\u0152uvrer \u00e0 la promotion et au renforcement des relations de coop\u00e9ration militaire et de s\u00e9curit\u00e9\u00a0;<\/li><li>Assurer la repr\u00e9sentation militaire en C\u00f4te d\u2019Ivoire\u00a0;<\/li><li>Fournir au responsable du Service des Affaires Politiques toute information n\u00e9cessaire \u00e0 la r\u00e9daction des rapports d\u2019activit\u00e9s p\u00e9riodiques et des programmes d\u2019activit\u00e9s.<\/li><\/ul><p>L\u2019Attach\u00e9 de D\u00e9fense assiste, par ailleurs, l\u2019Ambassadeur dans le domaine technique militaire et traite entre autres des questions relatives \u00e0 la s\u00e9curit\u00e9 de la chancellerie, des locaux des consulats et des r\u00e9sidences.<\/p><ul><li><h4><strong>Le Service Economique et Commercial<\/strong><\/h4><\/li><\/ul><p>Le Service Economique et Commercial est dirig\u00e9 par le Conseiller Economique. Il est charg\u00e9 de\u00a0:<\/p><ul><li>Traiter et suivre tout dossier \u00e0 caract\u00e8re \u00e9conomique et commercial\u00a0;<\/li><li>\u0152uvrer \u00e0 la promotion des relations \u00e9conomiques et commerciales entre le Burkina Faso et les pays de la juridiction\u00a0;<\/li><li>Assister l\u2019Ambassadeur dans ses fonctions de promotion et de protection des int\u00e9r\u00eats \u00e9conomiques et commerciaux du Burkina Faso dans les pays de la juridiction\u00a0;<\/li><li>Fournir au responsable du Service des Affaires Politiques toute information utile \u00e0 la r\u00e9daction des programmes et rapports d\u2019activit\u00e9s p\u00e9riodiques.<\/li><\/ul><h4>\u00a0<\/h4><ul><li><h4><strong>Le Service de la Tr\u00e9sorerie.<\/strong><\/h4><\/li><\/ul><p>Le Service de la Tr\u00e9sorerie est plac\u00e9 sous la responsabilit\u00e9 du tr\u00e9sorier. Le tr\u00e9sorier est charg\u00e9 de\u00a0:<\/p><ul><li>Manier, garder, et conserver les fonds et valeurs qui lui sont confi\u00e9s\u00a0;<\/li><li>Recouvrer les recettes et payer les d\u00e9penses d\u00e9finies par les lois et r\u00e8glements\u00a0;<\/li><li>Contr\u00f4ler et centraliser les op\u00e9rations des comptables sp\u00e9ciaux qui lui sont rattach\u00e9s\u00a0;<\/li><li>R\u00e9aliser les op\u00e9rations de tr\u00e9sorerie\u00a0;<\/li><li>Tenir la comptabilit\u00e9\u00a0du poste;<\/li><li>Garder et conserver les biens mat\u00e9riels, mobiliers et immobiliers et de suivre leurs mouvements\u00a0;<\/li><li>R\u00e9aliser des op\u00e9rations pour le compte des autres comptables\u00a0;<\/li><li>Superviser le parc automobile de la chancellerie\u00a0;<\/li><li>Superviser les sorties et les entr\u00e9es des v\u00e9hicules\u00a0;<\/li><li>Elaborer l\u2019avant-projet de Budget et les \u00e9tats relatifs \u00e0 son ex\u00e9cution.<\/li><\/ul><p>\u00a0<\/p><ul><li><h4><strong>Le Service des Questions Douani\u00e8res<\/strong><\/h4><\/li><\/ul><p>Le Service des Questions Douani\u00e8res est dirig\u00e9 par le Conseiller charg\u00e9 des questions douani\u00e8res. Celui-ci est charg\u00e9 de\u00a0:<\/p><ul><li>Suivre la mise en \u0153uvre des protocoles d\u2019accords sign\u00e9s entre l\u2019administration douani\u00e8re du Burkina Faso et celle de la r\u00e9publique de C\u00f4te d\u2019Ivoire\u00a0;<\/li><li>Suivre le flux de marchandises en transit au Port Autonome d\u2019Abidjan \u00e0 destination du Burkina Faso\u00a0;<\/li><li>Collecter et transmettre \u00e0 l\u2019administration douani\u00e8re tout \u00e9l\u00e9ment d\u2019information utile pouvant aider\u00a0\u00e0 une meilleure taxation des marchandises et \u00e0 la lutte contre la fraude douani\u00e8re;<\/li><li>Renseigner les partenaires \u00e9conomiques des proc\u00e9dures douani\u00e8res en vigueur au Burkina Faso et facilit\u00e9s accord\u00e9es.<\/li><\/ul><p>\u00a0<\/p><ul><li><h4><strong>Le Service Juridique<\/strong><\/h4><\/li><\/ul><p>Le Service Juridique est dirig\u00e9 par le Conseiller Juridique. Il est charg\u00e9 de\u00a0:<\/p><ul><li>Emettre des avis juridiques et donner tout conseil utile \u00e0 l\u2019Ambassadeur dans les actes que ce dernier pose\u00a0;<\/li><li>Coordonner la gestion de toutes les questions juridiques et judiciaires au sein de la juridiction\u00a0;<\/li><li>Emettre des avis juridiques et donner tout conseil utile pour la conclusion et l\u2019ex\u00e9cution des contrats conclus par l\u2019Ambassade\u00a0;<\/li><li>Emettre des avis juridiques et donner tout conseil pour l\u2019\u00e9laboration de tout document ou la mise en \u0153uvre de toute action par l\u2019Ambassade le cas \u00e9ch\u00e9ant\u00a0;<\/li><li>Apporter de l\u2019assistance aux ressortissants burkinab\u00e8 sur les questions juridictions et judiciaires ans les pays de la juridiction\u00a0;<\/li><li>Renseigner les ressortissants burkinab\u00e8 et les partenaires sur la l\u00e9gislation et les proc\u00e9dures judiciaires en vigueur au Burkina Faso.<\/li><\/ul><p>\u00a0<\/p><ul><li><h4><strong>Le Service de Presse, Communication et Relations Publiques.<\/strong><\/h4><\/li><\/ul><p>Le Service de Presse, Communication et Relations Publiques est dirig\u00e9 par l\u2019Attach\u00e9 de Presse. Il est charg\u00e9 de\u00a0:<\/p><ul><li>\u0152uvrer \u00e0 promouvoir et \u00e0 pr\u00e9server l\u2019image de marque du Burkina Faso dans les pays de la juridiction\u00a0;<\/li><li>Elaborer et mettre en \u0153uvre une strat\u00e9gie de communication globale pour la Repr\u00e9sentation diplomatique\u00a0;<\/li><li>Traiter et mettre \u00e0 la disposition de l\u2019Ambassadeur, du responsable du Service des Affaires Politiques toutes les informations publiques pertinentes diffus\u00e9es dans les medias des pays de la juridiction\u00a0;<\/li><li>Pr\u00e9parer et organiser les \u00e9v\u00e9nements \u00e0 caract\u00e8re promotionnel en coop\u00e9ration avec l\u2019ensemble des services de la Repr\u00e9sentation\u00a0;<\/li><li>R\u00e9diger des communiqu\u00e9s de presse et organiser les conf\u00e9rences de presse\u00a0;<\/li><li>Cr\u00e9er et g\u00e9rer la banque de donn\u00e9es (photos, vid\u00e9os, journaux, etc.) des activit\u00e9s de la Repr\u00e9sentation diplomatique (Ambassade et Consulats)\u00a0;<\/li><li>Concevoir et animer le site web, la Page Facebook, le compte X de la Repr\u00e9sentation diplomatique\u00a0;<\/li><li>Faire la synth\u00e8se quotidienne, hebdomadaire ou mensuelle de l\u2019actualit\u00e9 des pays de la juridiction\u00a0;<\/li><li>Assurer la couverture m\u00e9diatique des activit\u00e9s diplomatiques et consulaires\u00a0;<\/li><li>Collecter et mettre \u00e0 la disposition du public toute information utile qui favorise la promotion du tourisme de notre pays, et celle des opportunit\u00e9s commerciales\u00a0;<\/li><li>Assurer la relation entre les media burkinab\u00e8 et ceux de la juridiction.<\/li><\/ul><p>\u00a0<\/p><ul><li><h4><strong>Le Service P\u00e9dagogique<\/strong><\/h4><\/li><\/ul><p>Le Service P\u00e9dagogique est dirig\u00e9 par un cadre diplomatique d\u00e9sign\u00e9 \u00e0 cet effet. Le\/la responsable du Service P\u00e9dagogique sert de point focal, dans son domaine de comp\u00e9tence, pour l\u2019administration ivoirienne et pour l\u2019administration burkinab\u00e8.<\/p><p>Le service p\u00e9dagogique est charg\u00e9 de\u00a0:<\/p><ul><li>Recevoir et transmettre les demandes de retrait des dipl\u00f4mes de la C\u00f4te d\u2019Ivoire et du Burkina Faso.<\/li><li>Retirer les dipl\u00f4mes du BAC, du BEPC, et du CEPE d\u00e9j\u00e0 \u00e9tablis qu\u2019il achemine aux services comp\u00e9tents du Burkina Faso pour remise aux int\u00e9ress\u00e9s ou aux services comp\u00e9tents de la C\u00f4te d\u2019Ivoire pour remise aux int\u00e9ress\u00e9s\u00a0;<\/li><li>Il fait office de point d\u2019informations pour les Ecoles Sup\u00e9rieures, les Universit\u00e9s publiques ou priv\u00e9es, ainsi que pour les structures ou \u00e9coles de formation professionnelle.<\/li><\/ul><p>\u00a0<\/p><ul><li><h4><strong>Le Service Culture, Tourisme, Sport et Jeunesse<\/strong><\/h4><\/li><\/ul><p>Le Service Culture, Tourisme, Sport et Jeunesse est dirig\u00e9 par un cadre diplomatique d\u00e9sign\u00e9 \u00e0 cet effet. Il est charg\u00e9 de\u00a0:<\/p><ul><li>Traiter et suivre tous les dossiers relatifs \u00e0 la culture, au tourisme, au sport et \u00e0 la jeunesse\u00a0;<\/li><li>\u0152uvrer \u00e0 la promotion de la Culture et du tourisme burkinab\u00e8 dans les pays de la juridiction\u00a0;<\/li><li>Mobiliser et organiser en collaboration avec les Consulats g\u00e9n\u00e9raux et les consulats honoraires la communaut\u00e9 burkinab\u00e8 des pays de la juridiction dans le cadre de la mise en \u0153uvre des politiques culturelle, sportive, touristique et de jeunesse du Burkina Faso\u00a0;<\/li><li>D\u00e9tecter des talents de la diaspora burkinab\u00e8 dans les pays de la juridiction au profit du Burkina Faso\u00a0;<\/li><li>Fournir au responsable du Service des Affaires Politiques toute information utile \u00e0 la r\u00e9daction des rapports et programmes d\u2019activit\u00e9s p\u00e9riodiques.<\/li><\/ul><p>\u00a0<\/p><ul><li><h4><strong>Le Service Social<\/strong><\/h4><\/li><\/ul><p>Le Service Social est dirig\u00e9 par un agent choisi parmi le personnel diplomatique. Il est charg\u00e9 de\u00a0:<\/p><ul><li>La mise en \u0153uvre du programme d\u2019aide social et d\u2019appui aux personnes d\u00e9favoris\u00e9es et personnes vuln\u00e9rables dans les pays de la juridiction\u00a0;<\/li><li>Organiser, en collaboration avec le Service du Protocole et toute personne ressource jug\u00e9e n\u00e9cessaire, les manifestations et \u00e9v\u00e9nements de port\u00e9e nationale\u00a0;<\/li><li>Organiser les rencontres diplomatiques qui se tiennent \u00e0 la r\u00e9sidence de l\u2019Ambassadeur\u00a0;<\/li><li>G\u00e9rer, en collaboration avec tous les autres services et en cas de n\u00e9cessit\u00e9 les consulats g\u00e9n\u00e9raux et consulats honoraires, les dossiers relatifs aux missions d\u2019\u00e9tudes d\u2019organisations, d\u2019associations, d\u2019\u00e9tudiants et stagiaires d\u2019\u00e9coles professionnelles et de mutuelles en C\u00f4te d\u2019ivoire\u00a0;<\/li><li>Appuyer les services sociaux des consulats g\u00e9n\u00e9raux et des organisations humanitaires dans l\u2019assistance aux ressortissants burkinab\u00e8 en d\u00e9tresse dans les pays de la juridiction\u00a0;<\/li><li>Servir de point focal aux associations f\u00e9minines et de lutte contre les pratiques d\u00e9gradantes\u00a0;<\/li><li>Appuyer les services juridiques dans l\u2019assistance psychologique aux d\u00e9tenus burkinab\u00e8 dans les pays de la juridiction.<\/li><\/ul><p><strong>\u00a0<\/strong><\/p><ul><li><h4><strong>Le Service du Protocole<\/strong><\/h4><\/li><\/ul><p>Le Service du Protocole assure les relations protocolaires de l\u2019Ambassade avec les Minist\u00e8res, Institutions, Organisations internationales et Chancelleries diplomatiques de la juridiction. Il est dirig\u00e9 par un attach\u00e9 d\u2019ambassade.<\/p><p>Le Service du Protocole est charg\u00e9 de\u00a0:<\/p><ul><li>Organiser l\u2019accueil, l\u2019h\u00e9bergement et le programme de s\u00e9jour des personnalit\u00e9s burkinab\u00e8 en s\u00e9jour ou en transit dans les pays de la juridiction\u00a0;<\/li><li>Traiter et suivre les dossiers relatifs aux privil\u00e8ges et immunit\u00e9s\u00a0;<\/li><li>Assurer le protocole de la Mission et du chef de Mission\u00a0;<\/li><li>Assurer la liaison entre le Service du Protocole du Minist\u00e8re des Affaires Etrang\u00e8res et la Repr\u00e9sentation diplomatique\u00a0;<\/li><li>Organiser les c\u00e9r\u00e9monies, tenir un planning des activit\u00e9s de l\u2019Ambassadeur\u00a0;<\/li><li>Tenir \u00e0 jour les audiences de l\u2019Ambassadeur et les organier \u00e0 cet effet en coop\u00e9ration avec la secr\u00e9taire particuli\u00e8re ou toute autre personne ressource.<\/li><\/ul>                    <\/div>\n\t\t                    <\/div>\n        <\/div>\n\t\t\t\t<\/div>\n\t\t\t\t<\/div>\n\t\t\t\t<div class=\"elementor-element elementor-element-7394106 elementor-widget-divider--view-line_text elementor-widget-divider--element-align-center elementor-widget elementor-widget-divider\" data-id=\"7394106\" data-element_type=\"widget\" data-e-type=\"widget\" data-widget_type=\"divider.default\">\n\t\t\t\t<div class=\"elementor-widget-container\">\n\t\t\t\t\t\t\t<div class=\"elementor-divider\">\n\t\t\t<span class=\"elementor-divider-separator\">\n\t\t\t\t\t\t\t<span class=\"elementor-divider__text elementor-divider__element\">\n\t\t\t\tLes anciens ambassadeurs\t\t\t\t<\/span>\n\t\t\t\t\t\t<\/span>\n\t\t<\/div>\n\t\t\t\t\t\t<\/div>\n\t\t\t\t<\/div>\n\t\t\t\t<div class=\"elementor-element elementor-element-0175606 gallery-spacing-custom elementor-widget elementor-widget-image-gallery\" data-id=\"0175606\" data-element_type=\"widget\" data-e-type=\"widget\" data-widget_type=\"image-gallery.default\">\n\t\t\t\t<div class=\"elementor-widget-container\">\n\t\t\t\t\t\t\t<div class=\"elementor-image-gallery\">\n\t\t\t<div id='gallery-1' class='gallery galleryid-3029 gallery-columns-3 gallery-size-thumbnail'><figure class='gallery-item'>\n\t\t\t<div class='gallery-icon portrait'>\n\t\t\t\t<a data-elementor-open-lightbox=\"yes\" data-elementor-lightbox-slideshow=\"0175606\" data-elementor-lightbox-title=\"1\" data-e-action-hash=\"#elementor-action%3Aaction%3Dlightbox%26settings%3DeyJpZCI6NDc3MCwidXJsIjoiaHR0cHM6XC9cL2NvdGUtaXZvaXJlLmRpcGxvbWF0aWUuZ292LmJmXC93cC1jb250ZW50XC91cGxvYWRzXC9zaXRlc1wvNFwvMjAyNFwvMDhcLzEuanBnIiwic2xpZGVzaG93IjoiMDE3NTYwNiJ9\" href='https:\/\/cote-ivoire.diplomatie.gov.bf\/wp-content\/uploads\/sites\/4\/2024\/08\/1.jpg'><img decoding=\"async\" width=\"116\" height=\"150\" src=\"https:\/\/cote-ivoire.diplomatie.gov.bf\/wp-content\/uploads\/sites\/4\/2024\/08\/1.jpg\" class=\"attachment-thumbnail size-thumbnail\" alt=\"\" \/><\/a>\n\t\t\t<\/div><\/figure><figure class='gallery-item'>\n\t\t\t<div class='gallery-icon portrait'>\n\t\t\t\t<a data-elementor-open-lightbox=\"yes\" data-elementor-lightbox-slideshow=\"0175606\" data-elementor-lightbox-title=\"2\" data-e-action-hash=\"#elementor-action%3Aaction%3Dlightbox%26settings%3DeyJpZCI6NDc3MSwidXJsIjoiaHR0cHM6XC9cL2NvdGUtaXZvaXJlLmRpcGxvbWF0aWUuZ292LmJmXC93cC1jb250ZW50XC91cGxvYWRzXC9zaXRlc1wvNFwvMjAyNFwvMDhcLzIuanBnIiwic2xpZGVzaG93IjoiMDE3NTYwNiJ9\" href='https:\/\/cote-ivoire.diplomatie.gov.bf\/wp-content\/uploads\/sites\/4\/2024\/08\/2.jpg'><img decoding=\"async\" width=\"117\" height=\"150\" src=\"https:\/\/cote-ivoire.diplomatie.gov.bf\/wp-content\/uploads\/sites\/4\/2024\/08\/2.jpg\" class=\"attachment-thumbnail size-thumbnail\" alt=\"\" \/><\/a>\n\t\t\t<\/div><\/figure><figure class='gallery-item'>\n\t\t\t<div class='gallery-icon portrait'>\n\t\t\t\t<a data-elementor-open-lightbox=\"yes\" data-elementor-lightbox-slideshow=\"0175606\" data-elementor-lightbox-title=\"3\" data-e-action-hash=\"#elementor-action%3Aaction%3Dlightbox%26settings%3DeyJpZCI6NDc3NSwidXJsIjoiaHR0cHM6XC9cL2NvdGUtaXZvaXJlLmRpcGxvbWF0aWUuZ292LmJmXC93cC1jb250ZW50XC91cGxvYWRzXC9zaXRlc1wvNFwvMjAyNFwvMDhcLzMuanBnIiwic2xpZGVzaG93IjoiMDE3NTYwNiJ9\" href='https:\/\/cote-ivoire.diplomatie.gov.bf\/wp-content\/uploads\/sites\/4\/2024\/08\/3.jpg'><img loading=\"lazy\" decoding=\"async\" width=\"114\" height=\"150\" src=\"https:\/\/cote-ivoire.diplomatie.gov.bf\/wp-content\/uploads\/sites\/4\/2024\/08\/3.jpg\" class=\"attachment-thumbnail size-thumbnail\" alt=\"\" \/><\/a>\n\t\t\t<\/div><\/figure><figure class='gallery-item'>\n\t\t\t<div class='gallery-icon portrait'>\n\t\t\t\t<a data-elementor-open-lightbox=\"yes\" data-elementor-lightbox-slideshow=\"0175606\" data-elementor-lightbox-title=\"4\" data-e-action-hash=\"#elementor-action%3Aaction%3Dlightbox%26settings%3DeyJpZCI6NDc3NiwidXJsIjoiaHR0cHM6XC9cL2NvdGUtaXZvaXJlLmRpcGxvbWF0aWUuZ292LmJmXC93cC1jb250ZW50XC91cGxvYWRzXC9zaXRlc1wvNFwvMjAyNFwvMDhcLzQuanBnIiwic2xpZGVzaG93IjoiMDE3NTYwNiJ9\" href='https:\/\/cote-ivoire.diplomatie.gov.bf\/wp-content\/uploads\/sites\/4\/2024\/08\/4.jpg'><img loading=\"lazy\" decoding=\"async\" width=\"115\" height=\"150\" src=\"https:\/\/cote-ivoire.diplomatie.gov.bf\/wp-content\/uploads\/sites\/4\/2024\/08\/4.jpg\" class=\"attachment-thumbnail size-thumbnail\" alt=\"\" \/><\/a>\n\t\t\t<\/div><\/figure><figure class='gallery-item'>\n\t\t\t<div class='gallery-icon portrait'>\n\t\t\t\t<a data-elementor-open-lightbox=\"yes\" data-elementor-lightbox-slideshow=\"0175606\" data-elementor-lightbox-title=\"5\" data-e-action-hash=\"#elementor-action%3Aaction%3Dlightbox%26settings%3DeyJpZCI6NDc3NywidXJsIjoiaHR0cHM6XC9cL2NvdGUtaXZvaXJlLmRpcGxvbWF0aWUuZ292LmJmXC93cC1jb250ZW50XC91cGxvYWRzXC9zaXRlc1wvNFwvMjAyNFwvMDhcLzUuanBnIiwic2xpZGVzaG93IjoiMDE3NTYwNiJ9\" href='https:\/\/cote-ivoire.diplomatie.gov.bf\/wp-content\/uploads\/sites\/4\/2024\/08\/5.jpg'><img loading=\"lazy\" decoding=\"async\" width=\"117\" height=\"150\" src=\"https:\/\/cote-ivoire.diplomatie.gov.bf\/wp-content\/uploads\/sites\/4\/2024\/08\/5.jpg\" class=\"attachment-thumbnail size-thumbnail\" alt=\"\" \/><\/a>\n\t\t\t<\/div><\/figure><figure class='gallery-item'>\n\t\t\t<div class='gallery-icon landscape'>\n\t\t\t\t<a data-elementor-open-lightbox=\"yes\" data-elementor-lightbox-slideshow=\"0175606\" data-elementor-lightbox-title=\"6\" data-e-action-hash=\"#elementor-action%3Aaction%3Dlightbox%26settings%3DeyJpZCI6NDc3OCwidXJsIjoiaHR0cHM6XC9cL2NvdGUtaXZvaXJlLmRpcGxvbWF0aWUuZ292LmJmXC93cC1jb250ZW50XC91cGxvYWRzXC9zaXRlc1wvNFwvMjAyNFwvMDhcLzYuanBnIiwic2xpZGVzaG93IjoiMDE3NTYwNiJ9\" href='https:\/\/cote-ivoire.diplomatie.gov.bf\/wp-content\/uploads\/sites\/4\/2024\/08\/6.jpg'><img loading=\"lazy\" decoding=\"async\" width=\"150\" height=\"113\" src=\"https:\/\/cote-ivoire.diplomatie.gov.bf\/wp-content\/uploads\/sites\/4\/2024\/08\/6.jpg\" class=\"attachment-thumbnail size-thumbnail\" alt=\"\" \/><\/a>\n\t\t\t<\/div><\/figure><figure class='gallery-item'>\n\t\t\t<div class='gallery-icon portrait'>\n\t\t\t\t<a data-elementor-open-lightbox=\"yes\" data-elementor-lightbox-slideshow=\"0175606\" data-elementor-lightbox-title=\"7\" data-e-action-hash=\"#elementor-action%3Aaction%3Dlightbox%26settings%3DeyJpZCI6NDc3OSwidXJsIjoiaHR0cHM6XC9cL2NvdGUtaXZvaXJlLmRpcGxvbWF0aWUuZ292LmJmXC93cC1jb250ZW50XC91cGxvYWRzXC9zaXRlc1wvNFwvMjAyNFwvMDhcLzcuanBnIiwic2xpZGVzaG93IjoiMDE3NTYwNiJ9\" href='https:\/\/cote-ivoire.diplomatie.gov.bf\/wp-content\/uploads\/sites\/4\/2024\/08\/7.jpg'><img loading=\"lazy\" decoding=\"async\" width=\"115\" height=\"150\" src=\"https:\/\/cote-ivoire.diplomatie.gov.bf\/wp-content\/uploads\/sites\/4\/2024\/08\/7.jpg\" class=\"attachment-thumbnail size-thumbnail\" alt=\"\" \/><\/a>\n\t\t\t<\/div><\/figure><figure class='gallery-item'>\n\t\t\t<div class='gallery-icon portrait'>\n\t\t\t\t<a data-elementor-open-lightbox=\"yes\" data-elementor-lightbox-slideshow=\"0175606\" data-elementor-lightbox-title=\"8\" data-e-action-hash=\"#elementor-action%3Aaction%3Dlightbox%26settings%3DeyJpZCI6NDc4NCwidXJsIjoiaHR0cHM6XC9cL2NvdGUtaXZvaXJlLmRpcGxvbWF0aWUuZ292LmJmXC93cC1jb250ZW50XC91cGxvYWRzXC9zaXRlc1wvNFwvMjAyNFwvMDhcLzguanBnIiwic2xpZGVzaG93IjoiMDE3NTYwNiJ9\" href='https:\/\/cote-ivoire.diplomatie.gov.bf\/wp-content\/uploads\/sites\/4\/2024\/08\/8.jpg'><img loading=\"lazy\" decoding=\"async\" width=\"114\" height=\"150\" src=\"https:\/\/cote-ivoire.diplomatie.gov.bf\/wp-content\/uploads\/sites\/4\/2024\/08\/8.jpg\" class=\"attachment-thumbnail size-thumbnail\" alt=\"\" \/><\/a>\n\t\t\t<\/div><\/figure><figure class='gallery-item'>\n\t\t\t<div class='gallery-icon landscape'>\n\t\t\t\t<a data-elementor-open-lightbox=\"yes\" data-elementor-lightbox-slideshow=\"0175606\" data-elementor-lightbox-title=\"9\" data-e-action-hash=\"#elementor-action%3Aaction%3Dlightbox%26settings%3DeyJpZCI6NDc4MCwidXJsIjoiaHR0cHM6XC9cL2NvdGUtaXZvaXJlLmRpcGxvbWF0aWUuZ292LmJmXC93cC1jb250ZW50XC91cGxvYWRzXC9zaXRlc1wvNFwvMjAyNFwvMDhcLzkuanBnIiwic2xpZGVzaG93IjoiMDE3NTYwNiJ9\" href='https:\/\/cote-ivoire.diplomatie.gov.bf\/wp-content\/uploads\/sites\/4\/2024\/08\/9.jpg'><img loading=\"lazy\" decoding=\"async\" width=\"150\" height=\"116\" src=\"https:\/\/cote-ivoire.diplomatie.gov.bf\/wp-content\/uploads\/sites\/4\/2024\/08\/9.jpg\" class=\"attachment-thumbnail size-thumbnail\" alt=\"\" \/><\/a>\n\t\t\t<\/div><\/figure><figure class='gallery-item'>\n\t\t\t<div class='gallery-icon portrait'>\n\t\t\t\t<a data-elementor-open-lightbox=\"yes\" data-elementor-lightbox-slideshow=\"0175606\" data-elementor-lightbox-title=\"10\" data-e-action-hash=\"#elementor-action%3Aaction%3Dlightbox%26settings%3DeyJpZCI6NDc4NSwidXJsIjoiaHR0cHM6XC9cL2NvdGUtaXZvaXJlLmRpcGxvbWF0aWUuZ292LmJmXC93cC1jb250ZW50XC91cGxvYWRzXC9zaXRlc1wvNFwvMjAyNFwvMDhcLzEwLmpwZyIsInNsaWRlc2hvdyI6IjAxNzU2MDYifQ%3D%3D\" href='https:\/\/cote-ivoire.diplomatie.gov.bf\/wp-content\/uploads\/sites\/4\/2024\/08\/10.jpg'><img loading=\"lazy\" decoding=\"async\" width=\"114\" height=\"150\" src=\"https:\/\/cote-ivoire.diplomatie.gov.bf\/wp-content\/uploads\/sites\/4\/2024\/08\/10.jpg\" class=\"attachment-thumbnail size-thumbnail\" alt=\"\" \/><\/a>\n\t\t\t<\/div><\/figure><figure class='gallery-item'>\n\t\t\t<div class='gallery-icon portrait'>\n\t\t\t\t<a data-elementor-open-lightbox=\"yes\" data-elementor-lightbox-slideshow=\"0175606\" data-elementor-lightbox-title=\"11\" data-e-action-hash=\"#elementor-action%3Aaction%3Dlightbox%26settings%3DeyJpZCI6NDc4NiwidXJsIjoiaHR0cHM6XC9cL2NvdGUtaXZvaXJlLmRpcGxvbWF0aWUuZ292LmJmXC93cC1jb250ZW50XC91cGxvYWRzXC9zaXRlc1wvNFwvMjAyNFwvMDhcLzExLmpwZyIsInNsaWRlc2hvdyI6IjAxNzU2MDYifQ%3D%3D\" href='https:\/\/cote-ivoire.diplomatie.gov.bf\/wp-content\/uploads\/sites\/4\/2024\/08\/11.jpg'><img loading=\"lazy\" decoding=\"async\" width=\"109\" height=\"150\" src=\"https:\/\/cote-ivoire.diplomatie.gov.bf\/wp-content\/uploads\/sites\/4\/2024\/08\/11.jpg\" class=\"attachment-thumbnail size-thumbnail\" alt=\"\" \/><\/a>\n\t\t\t<\/div><\/figure><figure class='gallery-item'>\n\t\t\t<div class='gallery-icon portrait'>\n\t\t\t\t<a data-elementor-open-lightbox=\"yes\" data-elementor-lightbox-slideshow=\"0175606\" data-elementor-lightbox-title=\"13\" data-e-action-hash=\"#elementor-action%3Aaction%3Dlightbox%26settings%3DeyJpZCI6NDc4MSwidXJsIjoiaHR0cHM6XC9cL2NvdGUtaXZvaXJlLmRpcGxvbWF0aWUuZ292LmJmXC93cC1jb250ZW50XC91cGxvYWRzXC9zaXRlc1wvNFwvMjAyNFwvMDhcLzEzLmpwZyIsInNsaWRlc2hvdyI6IjAxNzU2MDYifQ%3D%3D\" href='https:\/\/cote-ivoire.diplomatie.gov.bf\/wp-content\/uploads\/sites\/4\/2024\/08\/13.jpg'><img loading=\"lazy\" decoding=\"async\" width=\"122\" height=\"150\" src=\"https:\/\/cote-ivoire.diplomatie.gov.bf\/wp-content\/uploads\/sites\/4\/2024\/08\/13.jpg\" class=\"attachment-thumbnail size-thumbnail\" alt=\"\" \/><\/a>\n\t\t\t<\/div><\/figure><figure class='gallery-item'>\n\t\t\t<div class='gallery-icon portrait'>\n\t\t\t\t<a data-elementor-open-lightbox=\"yes\" data-elementor-lightbox-slideshow=\"0175606\" data-elementor-lightbox-title=\"14\" data-e-action-hash=\"#elementor-action%3Aaction%3Dlightbox%26settings%3DeyJpZCI6NDc4MywidXJsIjoiaHR0cHM6XC9cL2NvdGUtaXZvaXJlLmRpcGxvbWF0aWUuZ292LmJmXC93cC1jb250ZW50XC91cGxvYWRzXC9zaXRlc1wvNFwvMjAyNFwvMDhcLzE0LmpwZyIsInNsaWRlc2hvdyI6IjAxNzU2MDYifQ%3D%3D\" href='https:\/\/cote-ivoire.diplomatie.gov.bf\/wp-content\/uploads\/sites\/4\/2024\/08\/14.jpg'><img loading=\"lazy\" decoding=\"async\" width=\"119\" height=\"150\" src=\"https:\/\/cote-ivoire.diplomatie.gov.bf\/wp-content\/uploads\/sites\/4\/2024\/08\/14.jpg\" class=\"attachment-thumbnail size-thumbnail\" alt=\"\" \/><\/a>\n\t\t\t<\/div><\/figure>\n\t\t<\/div>\n\t\t<\/div>\n\t\t\t\t\t\t<\/div>\n\t\t\t\t<\/div>\n\t\t\t\t\t<\/div>\n\t\t\t\t<\/div>\n\t\t\t\t<\/div>\n\t\t","protected":false},"excerpt":{"rendered":"<p>Ambassade, Repr\u00e9sentation Permanente du Burkina Faso en R\u00e9publique de C\u00f4te d\u2019Ivoire L\u2019Ambassade, Repr\u00e9sentation permanente du Burkina Faso en R\u00e9publique de C\u00f4te d\u2019Ivoire, ouverte en 1960, est l\u2019une des premi\u00e8res missions diplomatiques du pays \u00e0 l\u2019ext\u00e9rieur. Elle constitue \u00e9galement l\u2019une des plus importantes car ayant sous sa coupe trois Consulats g\u00e9n\u00e9raux, \u00e0 savoir le Consulat \u00e0 [&hellip;]<\/p>\n","protected":false},"author":4,"featured_media":0,"parent":0,"menu_order":0,"comment_status":"closed","ping_status":"closed","template":"elementor_header_footer","meta":{"footnotes":""},"class_list":["post-3029","page","type-page","status-publish","hentry"],"_links":{"self":[{"href":"https:\/\/cote-ivoire.diplomatie.gov.bf\/index.php\/wp-json\/wp\/v2\/pages\/3029","targetHints":{"allow":["GET"]}}],"collection":[{"href":"https:\/\/cote-ivoire.diplomatie.gov.bf\/index.php\/wp-json\/wp\/v2\/pages"}],"about":[{"href":"https:\/\/cote-ivoire.diplomatie.gov.bf\/index.php\/wp-json\/wp\/v2\/types\/page"}],"author":[{"embeddable":true,"href":"https:\/\/cote-ivoire.diplomatie.gov.bf\/index.php\/wp-json\/wp\/v2\/users\/4"}],"replies":[{"embeddable":true,"href":"https:\/\/cote-ivoire.diplomatie.gov.bf\/index.php\/wp-json\/wp\/v2\/comments?post=3029"}],"version-history":[{"count":69,"href":"https:\/\/cote-ivoire.diplomatie.gov.bf\/index.php\/wp-json\/wp\/v2\/pages\/3029\/revisions"}],"predecessor-version":[{"id":4789,"href":"https:\/\/cote-ivoire.diplomatie.gov.bf\/index.php\/wp-json\/wp\/v2\/pages\/3029\/revisions\/4789"}],"wp:attachment":[{"href":"https:\/\/cote-ivoire.diplomatie.gov.bf\/index.php\/wp-json\/wp\/v2\/media?parent=3029"}],"curies":[{"name":"wp","href":"https:\/\/api.w.org\/{rel}","templated":true}]}}