{"id":4160,"date":"2024-06-27T14:03:34","date_gmt":"2024-06-27T12:03:34","guid":{"rendered":"https:\/\/cote-ivoire.diplomatie.gov.bf\/?page_id=4160"},"modified":"2024-09-04T11:06:15","modified_gmt":"2024-09-04T09:06:15","slug":"le-chef-de-poste","status":"publish","type":"page","link":"https:\/\/cote-ivoire.diplomatie.gov.bf\/index.php\/le-chef-de-poste\/","title":{"rendered":"Le chef de poste"},"content":{"rendered":"\t\t<div data-elementor-type=\"wp-page\" data-elementor-id=\"4160\" class=\"elementor elementor-4160\" data-elementor-post-type=\"page\">\n\t\t\t\t<div data-particle_enable=\"false\" data-particle-mobile-disabled=\"false\" class=\"elementor-element elementor-element-1e6b599f e-flex e-con-boxed e-con e-parent\" data-id=\"1e6b599f\" data-element_type=\"container\" data-e-type=\"container\" data-settings=\"{&quot;background_background&quot;:&quot;classic&quot;}\">\n\t\t\t\t\t<div class=\"e-con-inner\">\n\t\t<div data-particle_enable=\"false\" data-particle-mobile-disabled=\"false\" class=\"elementor-element elementor-element-11d08e93 e-con-full e-flex e-con e-child\" data-id=\"11d08e93\" data-element_type=\"container\" data-e-type=\"container\">\n\t\t\t\t<div class=\"elementor-element elementor-element-6fa73701 elementor-widget elementor-widget-theme-post-featured-image elementor-widget-image\" data-id=\"6fa73701\" data-element_type=\"widget\" data-e-type=\"widget\" data-widget_type=\"theme-post-featured-image.default\">\n\t\t\t\t<div class=\"elementor-widget-container\">\n\t\t\t\t\t\t\t\t\t\t\t\t\t\t\t<img fetchpriority=\"high\" decoding=\"async\" width=\"228\" height=\"300\" src=\"https:\/\/cote-ivoire.diplomatie.gov.bf\/wp-content\/uploads\/sites\/4\/2024\/08\/IMG_1449.jpg\" class=\"attachment-medium size-medium wp-image-4692\" alt=\"\" \/>\t\t\t\t\t\t\t\t\t\t\t\t\t\t\t<\/div>\n\t\t\t\t<\/div>\n\t\t\t\t<div class=\"elementor-element elementor-element-382ae4ff elementor-widget elementor-widget-heading\" data-id=\"382ae4ff\" data-element_type=\"widget\" data-e-type=\"widget\" data-widget_type=\"heading.default\">\n\t\t\t\t<div class=\"elementor-widget-container\">\n\t\t\t\t\t<h2 class=\"elementor-heading-title elementor-size-default\">SEM Di\u00e9 MILLOGO<\/h2>\t\t\t\t<\/div>\n\t\t\t\t<\/div>\n\t\t\t\t<div class=\"elementor-element elementor-element-90f1b43 elementor-widget elementor-widget-heading\" data-id=\"90f1b43\" data-element_type=\"widget\" data-e-type=\"widget\" data-widget_type=\"heading.default\">\n\t\t\t\t<div class=\"elementor-widget-container\">\n\t\t\t\t\t<h2 class=\"elementor-heading-title elementor-size-default\">Charg\u00e9 d\u2019affaires a.i.<\/h2>\t\t\t\t<\/div>\n\t\t\t\t<\/div>\n\t\t\t\t<\/div>\n\t\t\t\t<div class=\"elementor-element elementor-element-1b89e000 eael-divider-center elementor-widget elementor-widget-eael-divider\" data-id=\"1b89e000\" data-element_type=\"widget\" data-e-type=\"widget\" data-widget_type=\"eael-divider.default\">\n\t\t\t\t<div class=\"elementor-widget-container\">\n\t\t\t\t\t\t\t<div class=\"eael-divider-wrap divider-direction-vertical\">\n\t\t\t\t\t\t\t<div class=\"divider-text-container\">\n\t\t\t\t\t<div class=\"divider-text-wrap\">\n\t\t\t\t\t\t\t\t\t\t\t\t\t<span class=\"divider-border-wrap divider-border-left\">\n\t\t\t\t\t\t\t\t<span class=\"divider-border\"><\/span>\n\t\t\t\t\t\t\t<\/span>\n\t\t\t\t\t\t\t\t\t\t\t\t<span class=\"eael-divider-content\">\n\t\t\t\t\t\t\t\t\t\t\t\t\t\t\t<span class=\"eael-divider-icon\">\n\t\t\t\t\t\t\t\t\t\t\t\t\t\t\t\t\t\t\t<svg aria-hidden=\"false\" class=\"e-font-icon-svg e-fas-star\" viewBox=\"0 0 576 512\" xmlns=\"http:\/\/www.w3.org\/2000\/svg\"><path d=\"M259.3 17.8L194 150.2 47.9 171.5c-26.2 3.8-36.7 36.1-17.7 54.6l105.7 103-25 145.5c-4.5 26.3 23.2 46 46.4 33.7L288 439.6l130.7 68.7c23.2 12.2 50.9-7.4 46.4-33.7l-25-145.5 105.7-103c19-18.5 8.5-50.8-17.7-54.6L382 150.2 316.7 17.8c-11.7-23.6-45.6-23.9-57.4 0z\"><\/path><\/svg>\t\t\t\t\t\t\t\t\t\t\t\t\t\t\t\t\t<\/span>\n\t\t\t\t\t\t\t\t\t\t\t\t\t<\/span>\n\t\t\t\t\t\t\t\t\t\t\t\t\t<span class=\"divider-border-wrap divider-border-right\">\n\t\t\t\t\t\t\t\t<span class=\"divider-border\"><\/span>\n\t\t\t\t\t\t\t<\/span>\n\t\t\t\t\t\t\t\t\t\t\t<\/div>\n\t\t\t\t<\/div>\n\t\t\t\t\t<\/div>\n\t\t\t\t<\/div>\n\t\t\t\t<\/div>\n\t\t<div data-particle_enable=\"false\" data-particle-mobile-disabled=\"false\" class=\"elementor-element elementor-element-5871b0c6 e-con-full e-flex e-con e-child\" data-id=\"5871b0c6\" data-element_type=\"container\" data-e-type=\"container\">\n\t\t\t\t<div class=\"elementor-element elementor-element-50718811 elementor-widget elementor-widget-heading\" data-id=\"50718811\" data-element_type=\"widget\" data-e-type=\"widget\" data-widget_type=\"heading.default\">\n\t\t\t\t<div class=\"elementor-widget-container\">\n\t\t\t\t\t<h2 class=\"elementor-heading-title elementor-size-default\">Parcours du Chef de poste<\/h2>\t\t\t\t<\/div>\n\t\t\t\t<\/div>\n\t\t\t\t<div class=\"elementor-element elementor-element-64ed69e3 elementor-widget elementor-widget-eael-adv-accordion\" data-id=\"64ed69e3\" data-element_type=\"widget\" data-e-type=\"widget\" data-widget_type=\"eael-adv-accordion.default\">\n\t\t\t\t<div class=\"elementor-widget-container\">\n\t\t\t\t\t            <div class=\"eael-adv-accordion\" id=\"eael-adv-accordion-64ed69e3\" data-scroll-on-click=\"no\" data-scroll-speed=\"300\" data-accordion-id=\"64ed69e3\" data-accordion-type=\"accordion\" data-toogle-speed=\"300\">\n            <div class=\"eael-accordion-list\">\n\t\t\t\t\t<div id=\"informations-personnelles\" class=\"elementor-tab-title eael-accordion-header\" tabindex=\"0\" data-tab=\"1\" aria-controls=\"elementor-tab-content-1691\"><span class=\"eael-advanced-accordion-icon-closed\"><svg aria-hidden=\"true\" class=\"fa-accordion-icon e-font-icon-svg e-fas-plus\" viewBox=\"0 0 448 512\" xmlns=\"http:\/\/www.w3.org\/2000\/svg\"><path d=\"M416 208H272V64c0-17.67-14.33-32-32-32h-32c-17.67 0-32 14.33-32 32v144H32c-17.67 0-32 14.33-32 32v32c0 17.67 14.33 32 32 32h144v144c0 17.67 14.33 32 32 32h32c17.67 0 32-14.33 32-32V304h144c17.67 0 32-14.33 32-32v-32c0-17.67-14.33-32-32-32z\"><\/path><\/svg><\/span><span class=\"eael-advanced-accordion-icon-opened\"><svg aria-hidden=\"true\" class=\"fa-accordion-icon e-font-icon-svg e-fas-minus\" viewBox=\"0 0 448 512\" xmlns=\"http:\/\/www.w3.org\/2000\/svg\"><path d=\"M416 208H32c-17.67 0-32 14.33-32 32v32c0 17.67 14.33 32 32 32h384c17.67 0 32-14.33 32-32v-32c0-17.67-14.33-32-32-32z\"><\/path><\/svg><\/span><span class=\"eael-accordion-tab-title\">Informations personnelles<\/span><svg aria-hidden=\"true\" class=\"fa-toggle e-font-icon-svg e-fas-angle-right\" viewBox=\"0 0 256 512\" xmlns=\"http:\/\/www.w3.org\/2000\/svg\"><path d=\"M224.3 273l-136 136c-9.4 9.4-24.6 9.4-33.9 0l-22.6-22.6c-9.4-9.4-9.4-24.6 0-33.9l96.4-96.4-96.4-96.4c-9.4-9.4-9.4-24.6 0-33.9L54.3 103c9.4-9.4 24.6-9.4 33.9 0l136 136c9.5 9.4 9.5 24.6.1 34z\"><\/path><\/svg><\/div><div id=\"elementor-tab-content-1691\" class=\"eael-accordion-content clearfix\" data-tab=\"1\" aria-labelledby=\"informations-personnelles\"><p><strong>Nom :<\/strong>\u00a0MILLOGO<\/p><p><strong>Pr\u00e9nom : <\/strong>Di\u00e9<\/p><p><strong>Profession :<\/strong>\u00a0Conseiller des Affaires Etrang\u00e8res (Ministre Pl\u00e9nipotentiaire)<\/p><p><strong>Langue de travail :<\/strong>\u00a0Fran\u00e7ais et anglais<\/p><p><strong>Nationalit\u00e9 :<\/strong>\u00a0Burkinab\u00e8<\/p><p><strong>Email:<\/strong> milogodie1@gmailcom\u00a0 \u00a0 \u00a0 \u00a0<\/p><\/div>\n\t\t\t\t\t<\/div><div class=\"eael-accordion-list\">\n\t\t\t\t\t<div id=\"qualifications-acadmiques\" class=\"elementor-tab-title eael-accordion-header\" tabindex=\"0\" data-tab=\"2\" aria-controls=\"elementor-tab-content-1692\"><span class=\"eael-advanced-accordion-icon-closed\"><svg aria-hidden=\"true\" class=\"fa-accordion-icon e-font-icon-svg e-fas-plus\" viewBox=\"0 0 448 512\" xmlns=\"http:\/\/www.w3.org\/2000\/svg\"><path d=\"M416 208H272V64c0-17.67-14.33-32-32-32h-32c-17.67 0-32 14.33-32 32v144H32c-17.67 0-32 14.33-32 32v32c0 17.67 14.33 32 32 32h144v144c0 17.67 14.33 32 32 32h32c17.67 0 32-14.33 32-32V304h144c17.67 0 32-14.33 32-32v-32c0-17.67-14.33-32-32-32z\"><\/path><\/svg><\/span><span class=\"eael-advanced-accordion-icon-opened\"><svg aria-hidden=\"true\" class=\"fa-accordion-icon e-font-icon-svg e-fas-minus\" viewBox=\"0 0 448 512\" xmlns=\"http:\/\/www.w3.org\/2000\/svg\"><path d=\"M416 208H32c-17.67 0-32 14.33-32 32v32c0 17.67 14.33 32 32 32h384c17.67 0 32-14.33 32-32v-32c0-17.67-14.33-32-32-32z\"><\/path><\/svg><\/span><span class=\"eael-accordion-tab-title\">Qualifications acad\u00e9miques<\/span><svg aria-hidden=\"true\" class=\"fa-toggle e-font-icon-svg e-fas-angle-right\" viewBox=\"0 0 256 512\" xmlns=\"http:\/\/www.w3.org\/2000\/svg\"><path d=\"M224.3 273l-136 136c-9.4 9.4-24.6 9.4-33.9 0l-22.6-22.6c-9.4-9.4-9.4-24.6 0-33.9l96.4-96.4-96.4-96.4c-9.4-9.4-9.4-24.6 0-33.9L54.3 103c9.4-9.4 24.6-9.4 33.9 0l136 136c9.5 9.4 9.5 24.6.1 34z\"><\/path><\/svg><\/div><div id=\"elementor-tab-content-1692\" class=\"eael-accordion-content clearfix\" data-tab=\"2\" aria-labelledby=\"qualifications-acadmiques\"><p><strong>-2018 <em>Certificat de perfectionnement en droit international de l\u2019Acad\u00e9mie de droit international de La Hayes (Pays Bas)\u00a0;<\/em><\/strong><\/p><p><strong>&#8211; 2007<\/strong> Dipl\u00f4me<strong><em> d\u2019Etudes Sup\u00e9rieures en Diplomatie et Relations Internationales\u00a0\u00a0 (DESDRI) option droit international<\/em><\/strong>\u00a0 (Institut Diplomatique et des Relations Internationales);<\/p><p><strong>-2004<\/strong>\u00a0\u00a0\u00a0\u00a0 <strong><em>Maitrise en droit, option droit judiciaire (Universit\u00e9 de\u00a0 Ouagadougou)<\/em><\/strong>\u00a0;<\/p><p><strong>-2000<\/strong>\u00a0\u00a0 <strong><em>Baccalaur\u00e9at s\u00e9rie A4<\/em><\/strong><em>\u00a0<\/em><\/p><\/div>\n\t\t\t\t\t<\/div><div class=\"eael-accordion-list\">\n\t\t\t\t\t<div id=\"qualifications-professionnelles\" class=\"elementor-tab-title eael-accordion-header\" tabindex=\"0\" data-tab=\"3\" aria-controls=\"elementor-tab-content-1693\"><span class=\"eael-advanced-accordion-icon-closed\"><svg aria-hidden=\"true\" class=\"fa-accordion-icon e-font-icon-svg e-fas-plus\" viewBox=\"0 0 448 512\" xmlns=\"http:\/\/www.w3.org\/2000\/svg\"><path d=\"M416 208H272V64c0-17.67-14.33-32-32-32h-32c-17.67 0-32 14.33-32 32v144H32c-17.67 0-32 14.33-32 32v32c0 17.67 14.33 32 32 32h144v144c0 17.67 14.33 32 32 32h32c17.67 0 32-14.33 32-32V304h144c17.67 0 32-14.33 32-32v-32c0-17.67-14.33-32-32-32z\"><\/path><\/svg><\/span><span class=\"eael-advanced-accordion-icon-opened\"><svg aria-hidden=\"true\" class=\"fa-accordion-icon e-font-icon-svg e-fas-minus\" viewBox=\"0 0 448 512\" xmlns=\"http:\/\/www.w3.org\/2000\/svg\"><path d=\"M416 208H32c-17.67 0-32 14.33-32 32v32c0 17.67 14.33 32 32 32h384c17.67 0 32-14.33 32-32v-32c0-17.67-14.33-32-32-32z\"><\/path><\/svg><\/span><span class=\"eael-accordion-tab-title\">Qualifications professionnelles<\/span><svg aria-hidden=\"true\" class=\"fa-toggle e-font-icon-svg e-fas-angle-right\" viewBox=\"0 0 256 512\" xmlns=\"http:\/\/www.w3.org\/2000\/svg\"><path d=\"M224.3 273l-136 136c-9.4 9.4-24.6 9.4-33.9 0l-22.6-22.6c-9.4-9.4-9.4-24.6 0-33.9l96.4-96.4-96.4-96.4c-9.4-9.4-9.4-24.6 0-33.9L54.3 103c9.4-9.4 24.6-9.4 33.9 0l136 136c9.5 9.4 9.5 24.6.1 34z\"><\/path><\/svg><\/div><div id=\"elementor-tab-content-1693\" class=\"eael-accordion-content clearfix\" data-tab=\"3\" aria-labelledby=\"qualifications-professionnelles\"><p><strong>&#8211;<\/strong><strong>Depuis janvier 2023\u00a0: Ministre Conseiller, Charg\u00e9 d\u2019Affaires du Burkina Faso en r\u00e9publique de C\u00f4te d\u2019Ivoire\u00a0<\/strong><strong>;<\/strong><\/p><p><strong>-De juin 2021 \u00e0 janvier 2023<\/strong>, <strong><em>Expert au Bureau d\u2019Analyses Strat\u00e9giques (BAS)<\/em><\/strong> du Minist\u00e8re des Affaires Etrang\u00e8res, de la Coop\u00e9ration R\u00e9gionale et des Burkinab\u00e8 de l\u2019Ext\u00e9rieur\u00a0;<\/p><p><strong>-2015 \u00e0 2020\u00a0:<\/strong> <strong><em>Deuxi\u00e8me puis Premier Conseiller \u00e0 la Mission Permanente du Burkina Faso aupr\u00e8s des Nations Unies \u00e0 New York<\/em><\/strong> en charge entre autres,\u00a0 de la Sixi\u00e8me Commission des Nations Unies (questions juridiques), du G5 Sahel, des questions de terrorisme au Conseil de S\u00e9curit\u00e9 et de maintien de la paix, de la Consolidation de la paix, de l\u2019\u00e9tat de droit, de la Cour P\u00e9nale Internationale (CPI), de la Cour Internationale de Justice (CIJ),\u00a0 du M\u00e9canisme r\u00e9siduel sur les tribunaux ad hoc, de la Commission des Nations Unies pour le Droit Commercial International (CNUDCI), du droit de la mer et du processus sur les oc\u00e9ans etc..\u00a0;<\/p><p><strong>2019\u00a0:<\/strong> <strong><em>Rapporteur du<\/em><\/strong> Comit\u00e9 Sp\u00e9cial de la Charte des Nations Unies et du raffermissement du r\u00f4le de l\u2019organisation d\u00e9sign\u00e9 au titre du Groupe\u00a0Africain ;<\/p><p><strong>2019\u00a0: <em>Coordonnateur<\/em><\/strong> de la n\u00e9gociation de la r\u00e9solution sur le soutien au Sahel au Conseil Economique et Social des Nations Unies (ECOSOC)\u00a0;<\/p><p><strong>-2013 \u00e0 2015<\/strong>\u00a0<strong><em>: Directeur des Affaires Juridiques et du Contentieux<\/em><\/strong> du Minist\u00e8re des Affaires Etrang\u00e8res et de la Coop\u00e9ration R\u00e9gionale, en charge de la gestion du contentieux impliquant les Missions Diplomatiques accr\u00e9dit\u00e9es au Burkina Faso, des trait\u00e9s et accords de si\u00e8ge\u00a0;<\/p><p><strong>-2012 \u00e0 2013<\/strong>\u00a0: <strong><em>Chef du Service<\/em><\/strong> Trait\u00e9s et Accords internationaux du Minist\u00e8re des Affaires Etrang\u00e8res du Burkina Faso en charge de la n\u00e9gociation et de la ratification des accords internationaux.<\/p><\/div>\n\t\t\t\t\t<\/div><\/div>\t\t\t\t<\/div>\n\t\t\t\t<\/div>\n\t\t\t\t<\/div>\n\t\t\t\t<div class=\"elementor-element elementor-element-7ab9474d elementor-absolute elementor-widget elementor-widget-image\" data-id=\"7ab9474d\" data-element_type=\"widget\" data-e-type=\"widget\" data-settings=\"{&quot;_position&quot;:&quot;absolute&quot;}\" data-widget_type=\"image.default\">\n\t\t\t\t<div class=\"elementor-widget-container\">\n\t\t\t\t\t\t\t\t\t\t\t\t\t\t\t<img decoding=\"async\" src=\"https:\/\/cote-ivoire.diplomatie.gov.bf\/wp-content\/plugins\/elementor\/assets\/images\/placeholder.png\" title=\"\" alt=\"\" loading=\"lazy\" \/>\t\t\t\t\t\t\t\t\t\t\t\t\t\t\t<\/div>\n\t\t\t\t<\/div>\n\t\t\t\t\t<\/div>\n\t\t\t\t<\/div>\n\t\t\t\t<\/div>\n\t\t","protected":false},"excerpt":{"rendered":"<p>SEM Di\u00e9 MILLOGO Charg\u00e9 d\u2019affaires a.i. Parcours du Chef de poste Informations personnelles Nom :\u00a0MILLOGO Pr\u00e9nom : Di\u00e9 Profession :\u00a0Conseiller des Affaires Etrang\u00e8res (Ministre Pl\u00e9nipotentiaire) Langue de travail :\u00a0Fran\u00e7ais et anglais Nationalit\u00e9 :\u00a0Burkinab\u00e8 Email: milogodie1@gmailcom\u00a0 \u00a0 \u00a0 \u00a0 Qualifications acad\u00e9miques -2018 Certificat de perfectionnement en droit international de l\u2019Acad\u00e9mie de droit international de La Hayes [&hellip;]<\/p>\n","protected":false},"author":4,"featured_media":0,"parent":0,"menu_order":0,"comment_status":"closed","ping_status":"closed","template":"elementor_header_footer","meta":{"footnotes":""},"class_list":["post-4160","page","type-page","status-publish","hentry"],"_links":{"self":[{"href":"https:\/\/cote-ivoire.diplomatie.gov.bf\/index.php\/wp-json\/wp\/v2\/pages\/4160","targetHints":{"allow":["GET"]}}],"collection":[{"href":"https:\/\/cote-ivoire.diplomatie.gov.bf\/index.php\/wp-json\/wp\/v2\/pages"}],"about":[{"href":"https:\/\/cote-ivoire.diplomatie.gov.bf\/index.php\/wp-json\/wp\/v2\/types\/page"}],"author":[{"embeddable":true,"href":"https:\/\/cote-ivoire.diplomatie.gov.bf\/index.php\/wp-json\/wp\/v2\/users\/4"}],"replies":[{"embeddable":true,"href":"https:\/\/cote-ivoire.diplomatie.gov.bf\/index.php\/wp-json\/wp\/v2\/comments?post=4160"}],"version-history":[{"count":163,"href":"https:\/\/cote-ivoire.diplomatie.gov.bf\/index.php\/wp-json\/wp\/v2\/pages\/4160\/revisions"}],"predecessor-version":[{"id":4898,"href":"https:\/\/cote-ivoire.diplomatie.gov.bf\/index.php\/wp-json\/wp\/v2\/pages\/4160\/revisions\/4898"}],"wp:attachment":[{"href":"https:\/\/cote-ivoire.diplomatie.gov.bf\/index.php\/wp-json\/wp\/v2\/media?parent=4160"}],"curies":[{"name":"wp","href":"https:\/\/api.w.org\/{rel}","templated":true}]}}