{"id":4655,"date":"2024-07-26T10:59:47","date_gmt":"2024-07-26T08:59:47","guid":{"rendered":"https:\/\/cote-ivoire.diplomatie.gov.bf\/?page_id=4655"},"modified":"2024-08-28T17:07:17","modified_gmt":"2024-08-28T15:07:17","slug":"sinscrire","status":"publish","type":"page","link":"https:\/\/cote-ivoire.diplomatie.gov.bf\/index.php\/sinscrire\/","title":{"rendered":"S&rsquo;immatriculer"},"content":{"rendered":"\t\t<div data-elementor-type=\"wp-page\" data-elementor-id=\"4655\" class=\"elementor elementor-4655\" data-elementor-post-type=\"page\">\n\t\t\t\t<div data-particle_enable=\"false\" data-particle-mobile-disabled=\"false\" class=\"elementor-element elementor-element-ef29290 e-flex e-con-boxed e-con e-parent\" data-id=\"ef29290\" data-element_type=\"container\" data-e-type=\"container\">\n\t\t\t\t\t<div class=\"e-con-inner\">\n\t\t\t\t<div class=\"elementor-element elementor-element-3265c1c elementor-widget elementor-widget-text-editor\" data-id=\"3265c1c\" data-element_type=\"widget\" data-e-type=\"widget\" data-widget_type=\"text-editor.default\">\n\t\t\t\t<div class=\"elementor-widget-container\">\n\t\t\t\t\t\t\t\t\t<p>De la volont\u00e9 du Capitaine <strong>Ibrahim TRAORE<\/strong>, Chef de l&rsquo;Etat, et sous l&rsquo;impulsion de<strong> SEM Karamoko Jean Marie TRAORE<\/strong>, Ministre des Affaires Etrang\u00e8res, de la Coop\u00e9ration R\u00e9gionale et des Burkinab\u00e8 de l&rsquo;Ext\u00e9rieur, une plateforme permettant aux burkinab\u00e8 de l&rsquo;\u00e9tranger de pouvoir s&rsquo;immatriculer est en cours de d\u00e9veloppement.<\/p><p><strong>La dite plateforme sera disponible tr\u00e8s bient\u00f4t.\u00a0<\/strong><\/p><h4>Restez connecter&#8230;<\/h4>\t\t\t\t\t\t\t\t<\/div>\n\t\t\t\t<\/div>\n\t\t\t\t\t<\/div>\n\t\t\t\t<\/div>\n\t\t\t\t<\/div>\n\t\t","protected":false},"excerpt":{"rendered":"<p>De la volont\u00e9 du Capitaine Ibrahim TRAORE, Chef de l&rsquo;Etat, et sous l&rsquo;impulsion de SEM Karamoko Jean Marie TRAORE, Ministre des Affaires Etrang\u00e8res, de la Coop\u00e9ration R\u00e9gionale et des Burkinab\u00e8 de l&rsquo;Ext\u00e9rieur, une plateforme permettant aux burkinab\u00e8 de l&rsquo;\u00e9tranger de pouvoir s&rsquo;immatriculer est en cours de d\u00e9veloppement. La dite plateforme sera disponible tr\u00e8s bient\u00f4t.\u00a0 Restez [&hellip;]<\/p>\n","protected":false},"author":9,"featured_media":0,"parent":0,"menu_order":0,"comment_status":"closed","ping_status":"closed","template":"elementor_header_footer","meta":{"footnotes":""},"class_list":["post-4655","page","type-page","status-publish","hentry"],"_links":{"self":[{"href":"https:\/\/cote-ivoire.diplomatie.gov.bf\/index.php\/wp-json\/wp\/v2\/pages\/4655","targetHints":{"allow":["GET"]}}],"collection":[{"href":"https:\/\/cote-ivoire.diplomatie.gov.bf\/index.php\/wp-json\/wp\/v2\/pages"}],"about":[{"href":"https:\/\/cote-ivoire.diplomatie.gov.bf\/index.php\/wp-json\/wp\/v2\/types\/page"}],"author":[{"embeddable":true,"href":"https:\/\/cote-ivoire.diplomatie.gov.bf\/index.php\/wp-json\/wp\/v2\/users\/9"}],"replies":[{"embeddable":true,"href":"https:\/\/cote-ivoire.diplomatie.gov.bf\/index.php\/wp-json\/wp\/v2\/comments?post=4655"}],"version-history":[{"count":8,"href":"https:\/\/cote-ivoire.diplomatie.gov.bf\/index.php\/wp-json\/wp\/v2\/pages\/4655\/revisions"}],"predecessor-version":[{"id":4875,"href":"https:\/\/cote-ivoire.diplomatie.gov.bf\/index.php\/wp-json\/wp\/v2\/pages\/4655\/revisions\/4875"}],"wp:attachment":[{"href":"https:\/\/cote-ivoire.diplomatie.gov.bf\/index.php\/wp-json\/wp\/v2\/media?parent=4655"}],"curies":[{"name":"wp","href":"https:\/\/api.w.org\/{rel}","templated":true}]}}