{"id":4656,"date":"2024-07-26T11:00:22","date_gmt":"2024-07-26T09:00:22","guid":{"rendered":"https:\/\/cote-ivoire.diplomatie.gov.bf\/?page_id=4656"},"modified":"2024-08-28T15:27:17","modified_gmt":"2024-08-28T13:27:17","slug":"associations-organisations","status":"publish","type":"page","link":"https:\/\/cote-ivoire.diplomatie.gov.bf\/index.php\/associations-organisations\/","title":{"rendered":"Associations &#038; Organisations"},"content":{"rendered":"\t\t<div data-elementor-type=\"wp-page\" data-elementor-id=\"4656\" class=\"elementor elementor-4656\" data-elementor-post-type=\"page\">\n\t\t\t\t<div data-particle_enable=\"false\" data-particle-mobile-disabled=\"false\" class=\"elementor-element elementor-element-7376467f e-flex e-con-boxed e-con e-parent\" data-id=\"7376467f\" data-element_type=\"container\" data-e-type=\"container\">\n\t\t\t\t\t<div class=\"e-con-inner\">\n\t\t\t\t<div class=\"elementor-element elementor-element-3d3e8655 elementor-widget elementor-widget-text-editor\" data-id=\"3d3e8655\" data-element_type=\"widget\" data-e-type=\"widget\" data-widget_type=\"text-editor.default\">\n\t\t\t\t<div class=\"elementor-widget-container\">\n\t\t\t\t\t\t\t\t\t<p>Liste des associations et organisations en date de l&rsquo;ann\u00e9e 2023.<\/p>\t\t\t\t\t\t\t\t<\/div>\n\t\t\t\t<\/div>\n\t\t\t\t<div class=\"elementor-element elementor-element-f5770cf eael-table-align-center eael-dt-th-align-left elementor-widget elementor-widget-eael-data-table\" data-id=\"f5770cf\" data-element_type=\"widget\" data-e-type=\"widget\" data-widget_type=\"eael-data-table.default\">\n\t\t\t\t<div class=\"elementor-widget-container\">\n\t\t\t\t\t<style>\n\t\t\t@media (max-width: 767px) {\n\t\t\t   #eael-data-table-wrapper-f5770cf.custom-responsive-option-enable .eael-data-table thead {\n                    display: none;\n               }\n               #eael-data-table-wrapper-f5770cf.custom-responsive-option-enable .eael-data-table tbody tr td {\n                    float: none;\n                    clear: left;\n                    width: 100%;\n                    text-align: left;\n                    display: flex;\n                    align-items: center;\n                }\n\t\t\t}\n\t\t\t<\/style>\t\t<div class=\"eael-data-table-wrap custom-responsive-option-enable\" data-table_id=\"f5770cf\" id=\"eael-data-table-wrapper-f5770cf\" data-custom_responsive=\"true\">\n\t\t\t<table class=\"tablesorter eael-data-table center\" id=\"eael-data-table-f5770cf\">\n\t\t\t    <thead>\n\t\t\t        <tr class=\"table-header\">\n\t\t\t\t\t\t\t\t\t            <th class=\" sorting\" id=\"\" colspan=\"\">\n\t\t\t\t\t\t\t\t\t\t\t\t\t\t<span class=\"data-table-header-text\">N\u00b0<\/span><\/th>\n\t\t\t        \t\t\t\t            <th class=\" sorting\" id=\"\" colspan=\"\">\n\t\t\t\t\t\t\t\t\t\t\t\t\t\t<span class=\"data-table-header-text\">D\u00e9nomination de l\u2019association<\/span><\/th>\n\t\t\t        \t\t\t\t            <th class=\" sorting\" id=\"\" colspan=\"\">\n\t\t\t\t\t\t\t\t\t\t\t\t\t\t<span class=\"data-table-header-text\">R\u00e9f\u00e9rences R\u00e9c\u00e9piss\u00e9\/Arr\u00eat\u00e9<\/span><\/th>\n\t\t\t        \t\t\t\t            <th class=\" sorting\" id=\"\" colspan=\"\">\n\t\t\t\t\t\t\t\t\t\t\t\t\t\t<span class=\"data-table-header-text\">Date d\u2019enregistrement<\/span><\/th>\n\t\t\t        \t\t\t\t            <th class=\" sorting\" id=\"\" colspan=\"\">\n\t\t\t\t\t\t\t\t\t\t\t\t\t\t<span class=\"data-table-header-text\">Nom et Pr\u00e9nom du 1er responsable<\/span><\/th>\n\t\t\t        \t\t\t\t            <th class=\" sorting\" id=\"\" colspan=\"\">\n\t\t\t\t\t\t\t\t\t\t\t\t\t\t<span class=\"data-table-header-text\">TEL<\/span><\/th>\n\t\t\t        \t\t\t\t            <th class=\" sorting\" id=\"\" colspan=\"\">\n\t\t\t\t\t\t\t\t\t\t\t\t\t\t<span class=\"data-table-header-text\">Email<\/span><\/th>\n\t\t\t        \t\t\t\t        <\/tr>\n\t\t\t    <\/thead>\n\t\t\t  \t<tbody>\n\t\t\t\t\t\t\t\t\t\t\t<tr>\n\t\t\t\t\t\t\t\t\t\t\t\t\t\t\t\t   \t\t\t\t\t\t\t\t\t\t\t<td colspan=\"\" rowspan=\"\" class=\"\" id=\"\">\n\t\t\t\t\t\t\t\t\t\t\t\t<div class=\"td-content-wrapper\"><div class=\"td-content\">\n\t\t\t\t\t\t\t\t\t\t\t\t\t01\t\t\t\t\t\t\t\t\t\t\t\t<\/div><\/div>\n\t\t\t\t\t\t\t\t\t\t\t<\/td>\n\t\t\t\t\t\t\t\t\t\t\t\t\t\t\t\t\t\t\t\t\t\t\t\t\t\t\t\t\t   \t\t\t\t\t\t\t\t\t\t\t<td colspan=\"\" rowspan=\"\" class=\"\" id=\"\">\n\t\t\t\t\t\t\t\t\t\t\t\t<div class=\"td-content-wrapper\"><div class=\"td-content\">\n\t\t\t\t\t\t\t\t\t\t\t\t\tAssociation des Ressortissants de la Commune De Tougan en C\u00f4te d\u2019Ivoire (ARCT-CI)\t\t\t\t\t\t\t\t\t\t\t\t<\/div><\/div>\n\t\t\t\t\t\t\t\t\t\t\t<\/td>\n\t\t\t\t\t\t\t\t\t\t\t\t\t\t\t\t\t\t\t\t\t\t\t\t\t\t\t\t\t   \t\t\t\t\t\t\t\t\t\t\t<td colspan=\"\" rowspan=\"\" class=\"\" id=\"\">\n\t\t\t\t\t\t\t\t\t\t\t\t<div class=\"td-content-wrapper\"><div class=\"td-content\">\n\t\t\t\t\t\t\t\t\t\t\t\t\tR\u00e9c\u00e9piss\u00e9 n\u00b01065\/PA\/CAB du 15\/05\/2019\t\t\t\t\t\t\t\t\t\t\t\t<\/div><\/div>\n\t\t\t\t\t\t\t\t\t\t\t<\/td>\n\t\t\t\t\t\t\t\t\t\t\t\t\t\t\t\t\t\t\t\t\t\t\t\t\t\t\t\t\t   \t\t\t\t\t\t\t\t\t\t\t<td colspan=\"\" rowspan=\"\" class=\"\" id=\"\">\n\t\t\t\t\t\t\t\t\t\t\t\t<div class=\"td-content-wrapper\"><div class=\"td-content\">\n\t\t\t\t\t\t\t\t\t\t\t\t\t29\/05\/2020\t\t\t\t\t\t\t\t\t\t\t\t<\/div><\/div>\n\t\t\t\t\t\t\t\t\t\t\t<\/td>\n\t\t\t\t\t\t\t\t\t\t\t\t\t\t\t\t\t\t\t\t\t\t\t\t\t\t\t\t\t   \t\t\t\t\t\t\t\t\t\t\t<td colspan=\"\" rowspan=\"\" class=\"\" id=\"\">\n\t\t\t\t\t\t\t\t\t\t\t\t<div class=\"td-content-wrapper\"><div class=\"td-content\">\n\t\t\t\t\t\t\t\t\t\t\t\t\tDRABO Hermann\t\t\t\t\t\t\t\t\t\t\t\t<\/div><\/div>\n\t\t\t\t\t\t\t\t\t\t\t<\/td>\n\t\t\t\t\t\t\t\t\t\t\t\t\t\t\t\t\t\t\t\t\t\t\t\t\t\t\t\t\t   \t\t\t\t\t\t\t\t\t\t\t<td colspan=\"\" rowspan=\"\" class=\"\" id=\"\">\n\t\t\t\t\t\t\t\t\t\t\t\t<div class=\"td-content-wrapper\"><div class=\"td-content\">\n\t\t\t\t\t\t\t\t\t\t\t\t\t07 09 00 19 99\n05 05 18 66 03\t\t\t\t\t\t\t\t\t\t\t\t<\/div><\/div>\n\t\t\t\t\t\t\t\t\t\t\t<\/td>\n\t\t\t\t\t\t\t\t\t\t\t\t\t\t\t\t\t\t\t\t\t\t\t\t\t\t\t\t\t   \t\t\t\t\t\t\t\t\t\t\t<td colspan=\"\" rowspan=\"\" class=\"\" id=\"\">\n\t\t\t\t\t\t\t\t\t\t\t\t<div class=\"td-content-wrapper\"><div class=\"td-content\">\n\t\t\t\t\t\t\t\t\t\t\t\t\taarctci@gmail.com\t\t\t\t\t\t\t\t\t\t\t\t<\/div><\/div>\n\t\t\t\t\t\t\t\t\t\t\t<\/td>\n\t\t\t\t\t\t\t\t\t\t\t\t\t\t\t\t\t\t\t\t\t\t\t\t\t\t<\/tr>\n\t\t\t        \t\t\t    <\/tbody>\n\t\t\t<\/table>\n\t\t<\/div>\n\t  \t\t\t\t\t<\/div>\n\t\t\t\t<\/div>\n\t\t\t\t\t<\/div>\n\t\t\t\t<\/div>\n\t\t\t\t<\/div>\n\t\t","protected":false},"excerpt":{"rendered":"<p>Liste des associations et organisations en date de l&rsquo;ann\u00e9e 2023. N\u00b0 D\u00e9nomination de l\u2019association R\u00e9f\u00e9rences R\u00e9c\u00e9piss\u00e9\/Arr\u00eat\u00e9 Date d\u2019enregistrement Nom et Pr\u00e9nom du 1er responsable TEL Email 01 Association des Ressortissants de la Commune De Tougan en C\u00f4te d\u2019Ivoire (ARCT-CI) R\u00e9c\u00e9piss\u00e9 n\u00b01065\/PA\/CAB du 15\/05\/2019 29\/05\/2020 DRABO Hermann 07 09 00 19 99 05 05 18 66 [&hellip;]<\/p>\n","protected":false},"author":9,"featured_media":0,"parent":0,"menu_order":0,"comment_status":"closed","ping_status":"closed","template":"elementor_header_footer","meta":{"footnotes":""},"class_list":["post-4656","page","type-page","status-publish","hentry"],"_links":{"self":[{"href":"https:\/\/cote-ivoire.diplomatie.gov.bf\/index.php\/wp-json\/wp\/v2\/pages\/4656","targetHints":{"allow":["GET"]}}],"collection":[{"href":"https:\/\/cote-ivoire.diplomatie.gov.bf\/index.php\/wp-json\/wp\/v2\/pages"}],"about":[{"href":"https:\/\/cote-ivoire.diplomatie.gov.bf\/index.php\/wp-json\/wp\/v2\/types\/page"}],"author":[{"embeddable":true,"href":"https:\/\/cote-ivoire.diplomatie.gov.bf\/index.php\/wp-json\/wp\/v2\/users\/9"}],"replies":[{"embeddable":true,"href":"https:\/\/cote-ivoire.diplomatie.gov.bf\/index.php\/wp-json\/wp\/v2\/comments?post=4656"}],"version-history":[{"count":27,"href":"https:\/\/cote-ivoire.diplomatie.gov.bf\/index.php\/wp-json\/wp\/v2\/pages\/4656\/revisions"}],"predecessor-version":[{"id":4852,"href":"https:\/\/cote-ivoire.diplomatie.gov.bf\/index.php\/wp-json\/wp\/v2\/pages\/4656\/revisions\/4852"}],"wp:attachment":[{"href":"https:\/\/cote-ivoire.diplomatie.gov.bf\/index.php\/wp-json\/wp\/v2\/media?parent=4656"}],"curies":[{"name":"wp","href":"https:\/\/api.w.org\/{rel}","templated":true}]}}